{"id":23638,"date":"2024-12-19T04:52:49","date_gmt":"2024-12-19T04:52:49","guid":{"rendered":"http:\/\/www.tourgreciaclassica.it\/2025\/?post_type=&#038;p=23638"},"modified":"2025-02-25T08:33:00","modified_gmt":"2025-02-25T08:33:00","slug":"tour-bellezze-archeologiche-e-naturali-del-centro-sud-di-creta-gortyna-festos-matala-zaros","status":"publish","type":"st_tours","link":"https:\/\/www.tourgreciaclassica.it\/2025\/viaggi-grecia\/tour-bellezze-archeologiche-e-naturali-del-centro-sud-di-creta-gortyna-festos-matala-zaros\/","title":{"rendered":"Tour Bellezze Archologiche e Naturali del centro-sud di Creta (Gortyna-Festos-Matala-Zaros)"},"content":{"rendered":"<div class=\"mt-3 mb-3\"><strong>Programma:<\/strong><\/div>\n<div>\n<p>Incontro con la guida a Piazza Eleftherias di fronte all&#8217;Astoria Capsis Hotel alle 08:30. Partenza per Gortyna, la capitale romana di Creta e Cirenaica, abitata per la prima volta intorno al 3200 a.C. Dopo la visita a Gortyna, attraversiamo la valle di Mesara per visitare il sito archeologico di Festos e il suo palazzo, il centro pi\u00f9 importante della civilt\u00e0 minoica e la citt\u00e0 pi\u00f9 ricca e potente del sud di Creta. Dopo la visita a Festos, ci dirigiamo a Matala, dove si avr\u00e0 del tempo libero per nuotare nelle acque cristalline e pranzo facoltativo. Infine, si arriva a Zaros, un affascinante villaggio incontaminato famoso per la sua acqua sorgiva, ora imbottigliata e venduta in tutta la Grecia, e una base ideale per gli escursionisti per esplorare la bella natura. Zaros vanta anche alcune belle chiese bizantine e deliziose trote allevate in fattoria servite nelle taverne in citt\u00e0 e sul lago Votomos di colore verde smeraldo. Nel tardo pomeriggio, verso le 17:00, si ritorna a Heraklion presso il terminal di fronte all&#8217;Astoria Capsis Hotel.<\/p>\n<p><strong>Partenza 08:30\u00a0\/ Rientro 17:00<\/strong><\/p>\n<\/div>\n","protected":false},"excerpt":{"rendered":"<p>Escursione di gruppo \u2022 Da Marzo a Novembre \u2022 Gortyna, Festos, Matala, Zaros | GUIDA IN ITALIANO <\/p>\n","protected":false},"featured_media":27585,"template":"","class_list":["post-23638","st_tours","type-st_tours","status-publish","has-post-thumbnail","hentry","st_tour_type-escursioni-a-creta","st_tour_type-escursioni","description-off"],"acf":[],"yoast_head":"<!-- This site is optimized with the Yoast SEO Premium plugin v24.6 (Yoast SEO v24.9) - https:\/\/yoast.com\/wordpress\/plugins\/seo\/ -->\n<title>Tour Bellezze Archologiche e Naturali del centro-sud di Creta (Gortyna-Festos-Matala-Zaros)<\/title>\n<meta name=\"description\" content=\"Tour Bellezze Archologiche e Naturali del centro-sud di Creta (Gortyna-Festos-Matala-Zaros) organizza la tua vacanza in Grecia, partenze garantite, assicurazione ed assistenza, siamo specialisti della Grecia dal 1992\" \/>\n<meta name=\"robots\" content=\"index, follow, max-snippet:-1, max-image-preview:large, max-video-preview:-1\" \/>\n<link rel=\"canonical\" href=\"https:\/\/www.tourgreciaclassica.it\/2025\/viaggi-grecia\/tour-bellezze-archeologiche-e-naturali-del-centro-sud-di-creta-gortyna-festos-matala-zaros\/\" \/>\n<meta property=\"og:locale\" content=\"it_IT\" \/>\n<meta property=\"og:type\" content=\"article\" \/>\n<meta property=\"og:title\" content=\"Tour Bellezze Archologiche e Naturali del centro-sud di Creta (Gortyna-Festos-Matala-Zaros)\" \/>\n<meta property=\"og:description\" content=\"Tour Bellezze Archologiche e Naturali del centro-sud di Creta (Gortyna-Festos-Matala-Zaros) organizza la tua vacanza in Grecia, partenze garantite, assicurazione ed assistenza, siamo specialisti della Grecia dal 1992\" \/>\n<meta property=\"og:url\" content=\"https:\/\/www.tourgreciaclassica.it\/2025\/viaggi-grecia\/tour-bellezze-archeologiche-e-naturali-del-centro-sud-di-creta-gortyna-festos-matala-zaros\/\" \/>\n<meta property=\"og:site_name\" content=\"Tour Grecia Classica\" \/>\n<meta property=\"article:publisher\" content=\"https:\/\/www.facebook.com\/TourGreciaclassica.it\" \/>\n<meta property=\"article:modified_time\" content=\"2025-02-25T08:33:00+00:00\" \/>\n<meta property=\"og:image\" content=\"https:\/\/www.tourgreciaclassica.it\/2025\/wp-content\/uploads\/2023\/12\/gortina-2-1499828.jpg\" \/>\n\t<meta property=\"og:image:width\" content=\"1024\" \/>\n\t<meta property=\"og:image:height\" content=\"768\" \/>\n\t<meta property=\"og:image:type\" content=\"image\/jpeg\" \/>\n<meta name=\"twitter:card\" content=\"summary_large_image\" \/>\n<meta name=\"twitter:label1\" content=\"Tempo di lettura stimato\" \/>\n\t<meta name=\"twitter:data1\" content=\"2 minuti\" \/>\n<script type=\"application\/ld+json\" class=\"yoast-schema-graph\">{\"@context\":\"https:\/\/schema.org\",\"@graph\":[{\"@type\":\"WebPage\",\"@id\":\"https:\/\/www.tourgreciaclassica.it\/2025\/viaggi-grecia\/tour-bellezze-archeologiche-e-naturali-del-centro-sud-di-creta-gortyna-festos-matala-zaros\/\",\"url\":\"https:\/\/www.tourgreciaclassica.it\/2025\/viaggi-grecia\/tour-bellezze-archeologiche-e-naturali-del-centro-sud-di-creta-gortyna-festos-matala-zaros\/\",\"name\":\"Tour Bellezze Archologiche e Naturali del centro-sud di Creta (Gortyna-Festos-Matala-Zaros)\",\"isPartOf\":{\"@id\":\"https:\/\/www.tourgreciaclassica.it\/2025\/#website\"},\"primaryImageOfPage\":{\"@id\":\"https:\/\/www.tourgreciaclassica.it\/2025\/viaggi-grecia\/tour-bellezze-archeologiche-e-naturali-del-centro-sud-di-creta-gortyna-festos-matala-zaros\/#primaryimage\"},\"image\":{\"@id\":\"https:\/\/www.tourgreciaclassica.it\/2025\/viaggi-grecia\/tour-bellezze-archeologiche-e-naturali-del-centro-sud-di-creta-gortyna-festos-matala-zaros\/#primaryimage\"},\"thumbnailUrl\":\"https:\/\/www.tourgreciaclassica.it\/2025\/wp-content\/uploads\/2023\/12\/gortina-2-1499828.jpg\",\"datePublished\":\"2024-12-19T04:52:49+00:00\",\"dateModified\":\"2025-02-25T08:33:00+00:00\",\"description\":\"Tour Bellezze Archologiche e Naturali del centro-sud di Creta (Gortyna-Festos-Matala-Zaros) organizza la tua vacanza in Grecia, partenze garantite, assicurazione ed assistenza, siamo specialisti della Grecia dal 1992\",\"breadcrumb\":{\"@id\":\"https:\/\/www.tourgreciaclassica.it\/2025\/viaggi-grecia\/tour-bellezze-archeologiche-e-naturali-del-centro-sud-di-creta-gortyna-festos-matala-zaros\/#breadcrumb\"},\"inLanguage\":\"it-IT\",\"potentialAction\":[{\"@type\":\"ReadAction\",\"target\":[\"https:\/\/www.tourgreciaclassica.it\/2025\/viaggi-grecia\/tour-bellezze-archeologiche-e-naturali-del-centro-sud-di-creta-gortyna-festos-matala-zaros\/\"]}]},{\"@type\":\"ImageObject\",\"inLanguage\":\"it-IT\",\"@id\":\"https:\/\/www.tourgreciaclassica.it\/2025\/viaggi-grecia\/tour-bellezze-archeologiche-e-naturali-del-centro-sud-di-creta-gortyna-festos-matala-zaros\/#primaryimage\",\"url\":\"https:\/\/www.tourgreciaclassica.it\/2025\/wp-content\/uploads\/2023\/12\/gortina-2-1499828.jpg\",\"contentUrl\":\"https:\/\/www.tourgreciaclassica.it\/2025\/wp-content\/uploads\/2023\/12\/gortina-2-1499828.jpg\",\"width\":1024,\"height\":768},{\"@type\":\"BreadcrumbList\",\"@id\":\"https:\/\/www.tourgreciaclassica.it\/2025\/viaggi-grecia\/tour-bellezze-archeologiche-e-naturali-del-centro-sud-di-creta-gortyna-festos-matala-zaros\/#breadcrumb\",\"itemListElement\":[{\"@type\":\"ListItem\",\"position\":1,\"name\":\"Home\",\"item\":\"https:\/\/www.tourgreciaclassica.it\/2025\/\"},{\"@type\":\"ListItem\",\"position\":2,\"name\":\"Tours\",\"item\":\"https:\/\/www.tourgreciaclassica.it\/2025\/viaggi-grecia\/\"},{\"@type\":\"ListItem\",\"position\":3,\"name\":\"Escursioni a Creta\",\"item\":\"https:\/\/www.tourgreciaclassica.it\/2025\/st_tour_type\/escursioni-a-creta\/\"},{\"@type\":\"ListItem\",\"position\":4,\"name\":\"Tour Bellezze Archologiche e Naturali del centro-sud di Creta (Gortyna-Festos-Matala-Zaros)\"}]},{\"@type\":\"WebSite\",\"@id\":\"https:\/\/www.tourgreciaclassica.it\/2025\/#website\",\"url\":\"https:\/\/www.tourgreciaclassica.it\/2025\/\",\"name\":\"Tour Grecia Classica\",\"description\":\"\",\"publisher\":{\"@id\":\"https:\/\/www.tourgreciaclassica.it\/2025\/#organization\"},\"potentialAction\":[{\"@type\":\"SearchAction\",\"target\":{\"@type\":\"EntryPoint\",\"urlTemplate\":\"https:\/\/www.tourgreciaclassica.it\/2025\/?s={search_term_string}\"},\"query-input\":{\"@type\":\"PropertyValueSpecification\",\"valueRequired\":true,\"valueName\":\"search_term_string\"}}],\"inLanguage\":\"it-IT\"},{\"@type\":\"Organization\",\"@id\":\"https:\/\/www.tourgreciaclassica.it\/2025\/#organization\",\"name\":\"tourgreciaclassica\",\"alternateName\":\"TGC\",\"url\":\"https:\/\/www.tourgreciaclassica.it\/2025\/\",\"logo\":{\"@type\":\"ImageObject\",\"inLanguage\":\"it-IT\",\"@id\":\"https:\/\/www.tourgreciaclassica.it\/2025\/#\/schema\/logo\/image\/\",\"url\":\"http:\/\/www.tourgreciaclassica.it\/2025\/wp-content\/uploads\/2025\/03\/logo-TGC-4-quadrato.jpg\",\"contentUrl\":\"http:\/\/www.tourgreciaclassica.it\/2025\/wp-content\/uploads\/2025\/03\/logo-TGC-4-quadrato.jpg\",\"width\":343,\"height\":343,\"caption\":\"tourgreciaclassica\"},\"image\":{\"@id\":\"https:\/\/www.tourgreciaclassica.it\/2025\/#\/schema\/logo\/image\/\"},\"sameAs\":[\"https:\/\/www.facebook.com\/TourGreciaclassica.it\",\"https:\/\/www.instagram.com\/tourgreciaclassica\/\",\"https:\/\/www.youtube.com\/channel\/UCaOTv7IUY6KfodamHtKWZAg\"],\"description\":\"tourgreciaclassica.it \u00e8 un catalogo di viaggio della ViaggiOggi Su Misura. \u201cSiamo un Tour Operator greco che per caso vive in Italia\u201d questo \u00e8 quello che diciamo sul nostro conto quando ci presentiamo perch\u00e9, di fatto, sin da quando abbiamo iniziato a muovere i primi passi in Grecia, ben 28 anni fa \u2013era il 1992\u2013 ci siamo sentiti parte di quel mare, di quelle isole, di quella gente. In questo catalogo di viaggio vengono presentati i prodotti di punta della ViaggiOggi: tour, mini tour, crociere, escursioni e hotel esclusivi in Grecia. ViaggiOggi nasce in Grecia e nel tempo aggiunge altre linee di prodotto quali Spagna, Portogallo e Nord Europa per crescere e per incontrare la richiesta di pi\u00f9 clienti.\",\"email\":\"info@tourgreciaclassica.it\",\"telephone\":\"+39 06 489 03 604\"}]}<\/script>\n<!-- \/ Yoast SEO Premium plugin. -->","yoast_head_json":{"title":"Tour Bellezze Archologiche e Naturali del centro-sud di Creta (Gortyna-Festos-Matala-Zaros)","description":"Tour Bellezze Archologiche e Naturali del centro-sud di Creta (Gortyna-Festos-Matala-Zaros) organizza la tua vacanza in Grecia, partenze garantite, assicurazione ed assistenza, siamo specialisti della Grecia dal 1992","robots":{"index":"index","follow":"follow","max-snippet":"max-snippet:-1","max-image-preview":"max-image-preview:large","max-video-preview":"max-video-preview:-1"},"canonical":"https:\/\/www.tourgreciaclassica.it\/2025\/viaggi-grecia\/tour-bellezze-archeologiche-e-naturali-del-centro-sud-di-creta-gortyna-festos-matala-zaros\/","og_locale":"it_IT","og_type":"article","og_title":"Tour Bellezze Archologiche e Naturali del centro-sud di Creta (Gortyna-Festos-Matala-Zaros)","og_description":"Tour Bellezze Archologiche e Naturali del centro-sud di Creta (Gortyna-Festos-Matala-Zaros) organizza la tua vacanza in Grecia, partenze garantite, assicurazione ed assistenza, siamo specialisti della Grecia dal 1992","og_url":"https:\/\/www.tourgreciaclassica.it\/2025\/viaggi-grecia\/tour-bellezze-archeologiche-e-naturali-del-centro-sud-di-creta-gortyna-festos-matala-zaros\/","og_site_name":"Tour Grecia Classica","article_publisher":"https:\/\/www.facebook.com\/TourGreciaclassica.it","article_modified_time":"2025-02-25T08:33:00+00:00","og_image":[{"width":1024,"height":768,"url":"https:\/\/www.tourgreciaclassica.it\/2025\/wp-content\/uploads\/2023\/12\/gortina-2-1499828.jpg","type":"image\/jpeg"}],"twitter_card":"summary_large_image","twitter_misc":{"Tempo di lettura stimato":"2 minuti"},"schema":{"@context":"https:\/\/schema.org","@graph":[{"@type":"WebPage","@id":"https:\/\/www.tourgreciaclassica.it\/2025\/viaggi-grecia\/tour-bellezze-archeologiche-e-naturali-del-centro-sud-di-creta-gortyna-festos-matala-zaros\/","url":"https:\/\/www.tourgreciaclassica.it\/2025\/viaggi-grecia\/tour-bellezze-archeologiche-e-naturali-del-centro-sud-di-creta-gortyna-festos-matala-zaros\/","name":"Tour Bellezze Archologiche e Naturali del centro-sud di Creta (Gortyna-Festos-Matala-Zaros)","isPartOf":{"@id":"https:\/\/www.tourgreciaclassica.it\/2025\/#website"},"primaryImageOfPage":{"@id":"https:\/\/www.tourgreciaclassica.it\/2025\/viaggi-grecia\/tour-bellezze-archeologiche-e-naturali-del-centro-sud-di-creta-gortyna-festos-matala-zaros\/#primaryimage"},"image":{"@id":"https:\/\/www.tourgreciaclassica.it\/2025\/viaggi-grecia\/tour-bellezze-archeologiche-e-naturali-del-centro-sud-di-creta-gortyna-festos-matala-zaros\/#primaryimage"},"thumbnailUrl":"https:\/\/www.tourgreciaclassica.it\/2025\/wp-content\/uploads\/2023\/12\/gortina-2-1499828.jpg","datePublished":"2024-12-19T04:52:49+00:00","dateModified":"2025-02-25T08:33:00+00:00","description":"Tour Bellezze Archologiche e Naturali del centro-sud di Creta (Gortyna-Festos-Matala-Zaros) organizza la tua vacanza in Grecia, partenze garantite, assicurazione ed assistenza, siamo specialisti della Grecia dal 1992","breadcrumb":{"@id":"https:\/\/www.tourgreciaclassica.it\/2025\/viaggi-grecia\/tour-bellezze-archeologiche-e-naturali-del-centro-sud-di-creta-gortyna-festos-matala-zaros\/#breadcrumb"},"inLanguage":"it-IT","potentialAction":[{"@type":"ReadAction","target":["https:\/\/www.tourgreciaclassica.it\/2025\/viaggi-grecia\/tour-bellezze-archeologiche-e-naturali-del-centro-sud-di-creta-gortyna-festos-matala-zaros\/"]}]},{"@type":"ImageObject","inLanguage":"it-IT","@id":"https:\/\/www.tourgreciaclassica.it\/2025\/viaggi-grecia\/tour-bellezze-archeologiche-e-naturali-del-centro-sud-di-creta-gortyna-festos-matala-zaros\/#primaryimage","url":"https:\/\/www.tourgreciaclassica.it\/2025\/wp-content\/uploads\/2023\/12\/gortina-2-1499828.jpg","contentUrl":"https:\/\/www.tourgreciaclassica.it\/2025\/wp-content\/uploads\/2023\/12\/gortina-2-1499828.jpg","width":1024,"height":768},{"@type":"BreadcrumbList","@id":"https:\/\/www.tourgreciaclassica.it\/2025\/viaggi-grecia\/tour-bellezze-archeologiche-e-naturali-del-centro-sud-di-creta-gortyna-festos-matala-zaros\/#breadcrumb","itemListElement":[{"@type":"ListItem","position":1,"name":"Home","item":"https:\/\/www.tourgreciaclassica.it\/2025\/"},{"@type":"ListItem","position":2,"name":"Tours","item":"https:\/\/www.tourgreciaclassica.it\/2025\/viaggi-grecia\/"},{"@type":"ListItem","position":3,"name":"Escursioni a Creta","item":"https:\/\/www.tourgreciaclassica.it\/2025\/st_tour_type\/escursioni-a-creta\/"},{"@type":"ListItem","position":4,"name":"Tour Bellezze Archologiche e Naturali del centro-sud di Creta (Gortyna-Festos-Matala-Zaros)"}]},{"@type":"WebSite","@id":"https:\/\/www.tourgreciaclassica.it\/2025\/#website","url":"https:\/\/www.tourgreciaclassica.it\/2025\/","name":"Tour Grecia Classica","description":"","publisher":{"@id":"https:\/\/www.tourgreciaclassica.it\/2025\/#organization"},"potentialAction":[{"@type":"SearchAction","target":{"@type":"EntryPoint","urlTemplate":"https:\/\/www.tourgreciaclassica.it\/2025\/?s={search_term_string}"},"query-input":{"@type":"PropertyValueSpecification","valueRequired":true,"valueName":"search_term_string"}}],"inLanguage":"it-IT"},{"@type":"Organization","@id":"https:\/\/www.tourgreciaclassica.it\/2025\/#organization","name":"tourgreciaclassica","alternateName":"TGC","url":"https:\/\/www.tourgreciaclassica.it\/2025\/","logo":{"@type":"ImageObject","inLanguage":"it-IT","@id":"https:\/\/www.tourgreciaclassica.it\/2025\/#\/schema\/logo\/image\/","url":"http:\/\/www.tourgreciaclassica.it\/2025\/wp-content\/uploads\/2025\/03\/logo-TGC-4-quadrato.jpg","contentUrl":"http:\/\/www.tourgreciaclassica.it\/2025\/wp-content\/uploads\/2025\/03\/logo-TGC-4-quadrato.jpg","width":343,"height":343,"caption":"tourgreciaclassica"},"image":{"@id":"https:\/\/www.tourgreciaclassica.it\/2025\/#\/schema\/logo\/image\/"},"sameAs":["https:\/\/www.facebook.com\/TourGreciaclassica.it","https:\/\/www.instagram.com\/tourgreciaclassica\/","https:\/\/www.youtube.com\/channel\/UCaOTv7IUY6KfodamHtKWZAg"],"description":"tourgreciaclassica.it \u00e8 un catalogo di viaggio della ViaggiOggi Su Misura. \u201cSiamo un Tour Operator greco che per caso vive in Italia\u201d questo \u00e8 quello che diciamo sul nostro conto quando ci presentiamo perch\u00e9, di fatto, sin da quando abbiamo iniziato a muovere i primi passi in Grecia, ben 28 anni fa \u2013era il 1992\u2013 ci siamo sentiti parte di quel mare, di quelle isole, di quella gente. In questo catalogo di viaggio vengono presentati i prodotti di punta della ViaggiOggi: tour, mini tour, crociere, escursioni e hotel esclusivi in Grecia. ViaggiOggi nasce in Grecia e nel tempo aggiunge altre linee di prodotto quali Spagna, Portogallo e Nord Europa per crescere e per incontrare la richiesta di pi\u00f9 clienti.","email":"info@tourgreciaclassica.it","telephone":"+39 06 489 03 604"}]}},"_links":{"self":[{"href":"https:\/\/www.tourgreciaclassica.it\/2025\/wp-json\/wp\/v2\/st_tours\/23638","targetHints":{"allow":["GET"]}}],"collection":[{"href":"https:\/\/www.tourgreciaclassica.it\/2025\/wp-json\/wp\/v2\/st_tours"}],"about":[{"href":"https:\/\/www.tourgreciaclassica.it\/2025\/wp-json\/wp\/v2\/types\/st_tours"}],"wp:featuredmedia":[{"embeddable":true,"href":"https:\/\/www.tourgreciaclassica.it\/2025\/wp-json\/wp\/v2\/media\/27585"}],"wp:attachment":[{"href":"https:\/\/www.tourgreciaclassica.it\/2025\/wp-json\/wp\/v2\/media?parent=23638"}],"curies":[{"name":"wp","href":"https:\/\/api.w.org\/{rel}","templated":true}]}}