{"id":15965,"date":"2022-03-24T12:15:21","date_gmt":"2022-03-24T11:15:21","guid":{"rendered":"https:\/\/tourgreciaclassica.it\/?page_id=15965"},"modified":"2025-02-18T16:59:37","modified_gmt":"2025-02-18T16:59:37","slug":"vacanze-a-creta","status":"publish","type":"page","link":"https:\/\/www.tourgreciaclassica.it\/2025\/vacanze-grecia\/vacanze-a-creta\/","title":{"rendered":"Vacanze a Creta"},"content":{"rendered":"<div class=\"wpb-content-wrapper\"><p>[vc_row full_width=&#8221;stretch_row&#8221; css=&#8221;.vc_custom_1739897878006{padding-bottom: 50px !important;}&#8221;][vc_column width=&#8221;1\/6&#8243; css=&#8221;.vc_custom_1542167696382{padding-top: 30px !important;padding-bottom: 30px !important;}&#8221;][\/vc_column][vc_column width=&#8221;2\/3&#8243;][vc_column_text css=&#8221;&#8221; el_class=&#8221;fs-28 fs-normal&#8221;]<\/p>\n<h2 style=\"text-align: center;\">Vacanza a Creta tra mito, storia e natura<\/h2>\n<p style=\"text-align: justify;\"><span style=\"color: #333333;\">Fare una <strong>Vacanza a Creta<\/strong> \u00e8 tra i sogni di molte persone perch\u00e9 questa <strong>isola intriga<\/strong>, \u00e8 <strong>affascinante<\/strong>, diversa da costa a costa, piena di <strong>spiagge di sabbia<\/strong> ma anche argillose. L\u2019argilla \u00e8 uno degli elementi di questa terra cos\u00ec ricca di tradizioni e legata indissolubilmente al <strong>mito dei minoici<\/strong>. Quest\u2019antica civilt\u00e0 evoluta port\u00f2 ricchezza a questa terra e soprattutto arte.<br \/>\nQui si beve anche l\u2019ouzo ma \u00e8 il Raki a primeggiare, un distillato di vino preparato con sapienza dagli abitanti di Creta che ne hanno fatto un rito.<br \/>\nCreta \u00e8 superba, a tratti misteriosa, a tratti libera come l\u2019aria. Ha paesaggi infiniti che si succedono e un mare immenso intorno che la rende unica.<\/span><\/p>\n<p>[\/vc_column_text][\/vc_column][vc_column width=&#8221;1\/6&#8243;][\/vc_column][\/vc_row][vc_row][vc_column css=&#8221;.vc_custom_1618997948529{padding-right: 40px !important;}&#8221;][vc_column_text el_class=&#8221;fs-28 fs-normal&#8221;]<\/p>\n<h2 style=\"text-align: left;\">Pacchetti offerte Creta, voli + hotel Creta hotel + autonoleggio<\/h2>\n<p style=\"text-align: justify;\"><span style=\"color: #333333;\">Puoi scegliere uno dei nostri pacchetti \u201d<strong>volo + hotel Creta<\/strong>\u201d<strong>, hotel + autonoleggio o trasferimenti inclusi, <\/strong>contattaci per un preventivo gratuito, comunicaci il tuo budget, in quanti volete partire e da dove, troveremo la soluzione adatta per la tua vacanza a Creta. <strong><br \/>\n<\/strong><\/span><\/p>\n<p>[\/vc_column_text][vc_empty_space height=&#8221;50px&#8221;][\/vc_column][\/vc_row][vc_row full_width=&#8221;stretch_row&#8221;][vc_column css=&#8221;.vc_custom_1547112475891{padding-right: 30px !important;padding-left: 30px !important;}&#8221;][vc_empty_space height=&#8221;60px&#8221;][vc_column_text css=&#8221;&#8221; el_class=&#8221;fs-28 fs-normal&#8221;]<\/p>\n<h2 style=\"text-align: center;\">Tour di Creta, minitour, escursioni con guida in italiano<\/h2>\n<p style=\"text-align: justify;\"><span style=\"color: #333333;\">Scegli uno tra i nostri <strong>Tour<\/strong>, <strong>Minitour<\/strong>, <strong>Escursioni<\/strong> senza dimenticare un <strong>Fly and Drive<\/strong> all\u2019insegna dell\u2019avventura. contattaci per un preventivo gratuito.<br \/>\n<\/span><\/p>\n<p>[\/vc_column_text][vc_empty_space height=&#8221;40px&#8221;]<div class=\"vc-st-tours-list\"><a href=\"https:\/\/www.tourgreciaclassica.it\/2025\/viaggi-grecia\/tour-creta-4-giorni-partenza-martedi\/\" class=\"tour-card-link\"><div class=\"tour-card\"><div class=\"tour-banner\">DA CRETA HERAKLION<\/div><div class=\"tour-image\"><img decoding=\"async\" src=\"https:\/\/www.tourgreciaclassica.it\/2025\/wp-content\/uploads\/2024\/01\/P_20180329_162237-1024x580.jpg\" alt=\"Tour il meglio Creta 4 giorni partenza Marted\u00ec\"><\/div><div class=\"tour-content\"><h3 class=\"tour-title\">Tour il meglio Creta 4 giorni partenza Marted\u00ec<\/h3><p class=\"tour-description\">Tour di gruppo \u2022 Partenza da Marzo a Novembre \u2022 Marted\u00ec \u2022 Gortyna, Festos, Matala, Zaros, Vatos, Lampini, Gola Sant'Antonio, Rethymno, Arkadi, Margarites, Chania, Georgiopolis | GUIDA IN ITALIANO<\/p><div class=\"tour-meta\"><span class=\"tour-duration\"><b>Durata:<\/b><br \/> <p>4 giorni\/ 3 notti<\/p><\/span><span class=\"tour-departure\"><b>Si effettua dal:<\/b><br \/>04\/03\/2025<\/span><\/div><div class=\"tour-price-button\"><div class=\"tour-price\">\u20ac 747,00<\/div><button class=\"tour-button\">SCOPRI DI PI\u00d9<\/button><\/div><\/div><\/div><\/a><a href=\"https:\/\/www.tourgreciaclassica.it\/2025\/viaggi-grecia\/tour-di-creta-6-giorni-partenza-domenica\/\" class=\"tour-card-link\"><div class=\"tour-card\"><div class=\"tour-banner\">DA CRETA HERAKLION<\/div><div class=\"tour-image\"><img decoding=\"async\" src=\"https:\/\/www.tourgreciaclassica.it\/2025\/wp-content\/uploads\/2023\/12\/P_20161002_083340-1024x580.jpg\" alt=\"Tour Classico di Creta 6 giorni partenza Domenica\"><\/div><div class=\"tour-content\"><h3 class=\"tour-title\">Tour Classico di Creta 6 giorni partenza Domenica<\/h3><p class=\"tour-description\">Tour Classico di Creta 6 giorni | Dal 02 Marzo al 23 Novembre 2025 | ogni Domenica<\/p><div class=\"tour-meta\"><span class=\"tour-duration\"><b>Durata:<\/b><br \/> <p>6 giorni\/ 5&nbsp;notti<\/p><\/span><span class=\"tour-departure\"><b>Si effettua dal:<\/b><br \/>02\/03\/2025<\/span><\/div><div class=\"tour-price-button\"><div class=\"tour-price\">\u20ac 1.133,00<\/div><button class=\"tour-button\">SCOPRI DI PI\u00d9<\/button><\/div><\/div><\/div><\/a><a href=\"https:\/\/www.tourgreciaclassica.it\/2025\/viaggi-grecia\/tour-i-tesori-nascosti-di-creta-5-giorni-partenza-lunedi\/\" class=\"tour-card-link\"><div class=\"tour-card\"><div class=\"tour-banner\">DA CRETA HERAKLION<\/div><div class=\"tour-image\"><img decoding=\"async\" src=\"https:\/\/www.tourgreciaclassica.it\/2025\/wp-content\/uploads\/2023\/12\/rethymno_creta-3919-1.jpg\" alt=\"Tour I Tesori Nascosti di Creta 5 giorni partenza Luned\u00ec\"><\/div><div class=\"tour-content\"><h3 class=\"tour-title\">Tour I Tesori Nascosti di Creta 5 giorni partenza Luned\u00ec<\/h3><p class=\"tour-description\">Tour I Tesori Nascosti di Creta 5 giorni | Dal 03 Marzo al 24 Novembre 2025 | ogni Luned\u00ec<\/p><div class=\"tour-meta\"><span class=\"tour-duration\"><b>Durata:<\/b><br \/> <p>5 giorni\/ 4 notti<\/p><\/span><span class=\"tour-departure\"><b>Si effettua dal:<\/b><br \/>03\/03\/2025<\/span><\/div><div class=\"tour-price-button\"><div class=\"tour-price\">\u20ac 950,00<\/div><button class=\"tour-button\">SCOPRI DI PI\u00d9<\/button><\/div><\/div><\/div><\/a><a href=\"https:\/\/www.tourgreciaclassica.it\/2025\/viaggi-grecia\/tour-creta-4-giorni-partenza-lunedi\/\" class=\"tour-card-link\"><div class=\"tour-card\"><div class=\"tour-banner\">DA CRETA HERAKLION<\/div><div class=\"tour-image\"><img decoding=\"async\" src=\"https:\/\/www.tourgreciaclassica.it\/2025\/wp-content\/uploads\/2023\/12\/Knossos-1024x580.jpg\" alt=\"Tour il meglio di Creta 4 giorni partenza Luned\u00ec\"><\/div><div class=\"tour-content\"><h3 class=\"tour-title\">Tour il meglio di Creta 4 giorni partenza Luned\u00ec<\/h3><p class=\"tour-description\">Tour il meglio di Creta 4 giorni | Dal 03 Marzo al 24 Novembre 2025 | ogni Luned\u00ec<\/p><div class=\"tour-meta\"><span class=\"tour-duration\"><b>Durata:<\/b><br \/> <p>4 giorni\/ 3 notti<\/p><\/span><span class=\"tour-departure\"><b>Si effettua dal:<\/b><br \/>03\/03\/2025<\/span><\/div><div class=\"tour-price-button\"><div class=\"tour-price\">\u20ac 761,00<\/div><button class=\"tour-button\">SCOPRI DI PI\u00d9<\/button><\/div><\/div><\/div><\/a><a href=\"https:\/\/www.tourgreciaclassica.it\/2025\/viaggi-grecia\/tour-creta-3-giorni-partenza-mercoledi\/\" class=\"tour-card-link\"><div class=\"tour-card\"><div class=\"tour-banner\">DA CRETA HERAKLION<\/div><div class=\"tour-image\"><img decoding=\"async\" src=\"https:\/\/www.tourgreciaclassica.it\/2025\/wp-content\/uploads\/2023\/12\/chania-3900-2.jpg\" alt=\"Tour Creta 3 giorni partenza Mercoled\u00ec&#8217;\"><\/div><div class=\"tour-content\"><h3 class=\"tour-title\">Tour Creta 3 giorni partenza Mercoled\u00ec&#8217;<\/h3><p class=\"tour-description\">Tour di gruppo \u2022 Partenza da Marzo a Novembre \u2022 Mercoled\u00ec \u2022 Zaros, Vatos, Spili, Lampini, Gola Sant'Antonio, Rethymno, Arkadi, Margarites, Chania, Geogiopolis\r\n | GUIDA IN ITALIANO<\/p><div class=\"tour-meta\"><span class=\"tour-duration\"><b>Durata:<\/b><br \/> <p>3 giorni\/ 2 notti<\/p><\/span><span class=\"tour-departure\"><b>Si effettua dal:<\/b><br \/>05\/03\/2025<\/span><\/div><div class=\"tour-price-button\"><div class=\"tour-price\">\u20ac 534,00<\/div><button class=\"tour-button\">SCOPRI DI PI\u00d9<\/button><\/div><\/div><\/div><\/a><a href=\"https:\/\/www.tourgreciaclassica.it\/2025\/viaggi-grecia\/tour-creta-3-giorni-partenza-martedi\/\" class=\"tour-card-link\"><div class=\"tour-card\"><div class=\"tour-banner\">DA CRETA HERAKLION<\/div><div class=\"tour-image\"><img decoding=\"async\" src=\"https:\/\/www.tourgreciaclassica.it\/2025\/wp-content\/uploads\/2023\/12\/heraklion-1024x580.jpg\" alt=\"Tour Creta 3 giorni partenza Marted\u00ec\"><\/div><div class=\"tour-content\"><h3 class=\"tour-title\">Tour Creta 3 giorni partenza Marted\u00ec<\/h3><p class=\"tour-description\">Tour di gruppo \u2022 Partenza da Marzo a Novembre \u2022 Marted\u00ec \u2022 Gortyna, Festos, Matala, Zaros, Vatos, Lampini, Gola Sant'Antonio, Rethymno, Arkadi, Margarites | GUIDA IN ITALIANO<\/p><div class=\"tour-meta\"><span class=\"tour-duration\"><b>Durata:<\/b><br \/> <p>3 giorni\/ 2 notti<\/p><\/span><span class=\"tour-departure\"><b>Si effettua dal:<\/b><br \/>04\/03\/2025<\/span><\/div><div class=\"tour-price-button\"><div class=\"tour-price\">\u20ac 537,00<\/div><button class=\"tour-button\">SCOPRI DI PI\u00d9<\/button><\/div><\/div><\/div><\/a><a href=\"https:\/\/www.tourgreciaclassica.it\/2025\/viaggi-grecia\/tour-creta-3-giorni-partenza-lunedi\/\" class=\"tour-card-link\"><div class=\"tour-card\"><div class=\"tour-banner\">DA CRETA HERAKLION<\/div><div class=\"tour-image\"><img decoding=\"async\" src=\"https:\/\/www.tourgreciaclassica.it\/2025\/wp-content\/uploads\/2023\/12\/knosso-3921-2-1024x695.jpg\" alt=\"Tour Creta 3 giorni partenza Luned\u00ec\"><\/div><div class=\"tour-content\"><h3 class=\"tour-title\">Tour Creta 3 giorni partenza Luned\u00ec<\/h3><p class=\"tour-description\">Tour Creta 3 giorni | Dal 03 Marzo al 24 Novembre 2025 | ogni Luned\u00ec<\/p><div class=\"tour-meta\"><span class=\"tour-duration\"><b>Durata:<\/b><br \/> <p>3 giorni\/ 2 notti<\/p><\/span><span class=\"tour-departure\"><b>Si effettua dal:<\/b><br \/>03\/03\/2025<\/span><\/div><div class=\"tour-price-button\"><div class=\"tour-price\">\u20ac 551,00<\/div><button class=\"tour-button\">SCOPRI DI PI\u00d9<\/button><\/div><\/div><\/div><\/a><a href=\"https:\/\/www.tourgreciaclassica.it\/2025\/viaggi-grecia\/tour-creta-margarites-arkadi-rethymno-chania-georgioupoli\/\" class=\"tour-card-link\"><div class=\"tour-card\"><div class=\"tour-banner\">DA CRETA HERAKLION<\/div><div class=\"tour-image\"><img decoding=\"async\" src=\"https:\/\/www.tourgreciaclassica.it\/2025\/wp-content\/uploads\/2023\/12\/rethymno-2-1024x580.jpg\" alt=\"Tour Creta Margarites, Monastero di Arkadi, Rethymno, Chania e Georgiopoli\"><\/div><div class=\"tour-content\"><h3 class=\"tour-title\">Tour Creta Margarites, Monastero di Arkadi, Rethymno, Chania e Georgiopoli<\/h3><p class=\"tour-description\">Tour di gruppo \u2022 Partenza da Marzo a Novembre \u2022 Gioved\u00ec \u2022 Margarites, Arkadi, Rethymno, Chania, Georgiopoli | GUIDA IN ITALIANO<\/p><div class=\"tour-meta\"><span class=\"tour-duration\"><b>Durata:<\/b><br \/> <p>2 giorni\/ 1 notte<\/p><\/span><span class=\"tour-departure\"><b>Si effettua dal:<\/b><br \/>06\/03\/2025<\/span><\/div><div class=\"tour-price-button\"><div class=\"tour-price\">\u20ac 328,00<\/div><button class=\"tour-button\">SCOPRI DI PI\u00d9<\/button><\/div><\/div><\/div><\/a><a href=\"https:\/\/www.tourgreciaclassica.it\/2025\/viaggi-grecia\/tour-creta-villaggi-cretesi-con-gola-di-patsos-e-rethymno-con-monastero-di-arkadi-e-maragarites\/\" class=\"tour-card-link\"><div class=\"tour-card\"><div class=\"tour-banner\">DA CRETA HERAKLION<\/div><div class=\"tour-image\"><img decoding=\"async\" src=\"https:\/\/www.tourgreciaclassica.it\/2025\/wp-content\/uploads\/2023\/12\/204432_w-1600_h-1200_q-75_m-crop-3870-2-1024x768.jpg\" alt=\"Tour Creta Villaggi Crestesi con Gola di Patsos e Rethymno con Monastero di Arkadi e Margarites\"><\/div><div class=\"tour-content\"><h3 class=\"tour-title\">Tour Creta Villaggi Crestesi con Gola di Patsos e Rethymno con Monastero di Arkadi e Margarites<\/h3><p class=\"tour-description\">Tour di gruppo \u2022 Partenza da Marzo a Novembre \u2022 Mercoled\u00ec \u2022 Zaros, Vatos, Spili, Lampini, Gola di Sant'Antonio | GUIDA IN ITALIANO<\/p><div class=\"tour-meta\"><span class=\"tour-duration\"><b>Durata:<\/b><br \/> <p>2 giorni\/ 1 notte<\/p><\/span><span class=\"tour-departure\"><b>Si effettua dal:<\/b><br \/>05\/03\/2025<\/span><\/div><div class=\"tour-price-button\"><div class=\"tour-price\">\u20ac 328,00<\/div><button class=\"tour-button\">SCOPRI DI PI\u00d9<\/button><\/div><\/div><\/div><\/a><a href=\"https:\/\/www.tourgreciaclassica.it\/2025\/viaggi-grecia\/tour-creta-archeologia-natura-villaggi-patsos\/\" class=\"tour-card-link\"><div class=\"tour-card\"><div class=\"tour-banner\">DA CRETA HERAKLION<\/div><div class=\"tour-image\"><img decoding=\"async\" src=\"https:\/\/www.tourgreciaclassica.it\/2025\/wp-content\/uploads\/2023\/12\/Zaros-3883.jpg\" alt=\"Tour Creta Bellezze Archeologiche e Naturali del centro-sud e Villaggi Cretesi con Gola di Patsos\"><\/div><div class=\"tour-content\"><h3 class=\"tour-title\">Tour Creta Bellezze Archeologiche e Naturali del centro-sud e Villaggi Cretesi con Gola di Patsos<\/h3><p class=\"tour-description\">Tour di gruppo \u2022 Partenza da Marzo a Novembre \u2022 Martedi \u2022 Gortyna, Festos, Matala, Zaros, Vatos, Spili, Lampini, Gola di Sant'Antonio | GUIDA IN ITALIANO<\/p><div class=\"tour-meta\"><span class=\"tour-duration\"><b>Durata:<\/b><br \/> <p>2 giorni\/ 1 notte<\/p><\/span><span class=\"tour-departure\"><b>Si effettua dal:<\/b><br \/>04\/03\/2025<\/span><\/div><div class=\"tour-price-button\"><div class=\"tour-price\">\u20ac 325,00<\/div><button class=\"tour-button\">SCOPRI DI PI\u00d9<\/button><\/div><\/div><\/div><\/a><\/div>[vc_empty_space height=&#8221;60px&#8221;][vc_column_text css=&#8221;&#8221; el_class=&#8221;fs-28 fs-normal&#8221;]<\/p>\n<h3 style=\"text-align: center;\">Escursioni di mezza od intera giornata con guida in italiano<\/h3>\n<p>[\/vc_column_text][vc_empty_space height=&#8221;40px&#8221;]<div class=\"vc-st-tours-list\"><a href=\"https:\/\/www.tourgreciaclassica.it\/2025\/viaggi-grecia\/tour-di-heraklion-a-piedi\/\" class=\"tour-card-link\"><div class=\"tour-card\"><div class=\"tour-banner\">DA CRETA HERAKLION<\/div><div class=\"tour-image\"><img decoding=\"async\" src=\"https:\/\/www.tourgreciaclassica.it\/2025\/wp-content\/uploads\/2023\/12\/her-1499729-1.jpg\" alt=\"Tour di Heraklion a piedi con degustazione\"><\/div><div class=\"tour-content\"><h3 class=\"tour-title\">Tour di Heraklion a piedi con degustazione<\/h3><p class=\"tour-description\">Escursione di gruppo \u2022 Da Marzo a Novembre \u2022 Visita della citt\u00e0 di Heraklion a piedi centro storico, Chiesa di Tito, il Municipio di Heraklion, la Fortezza di Kule \u2022 Degustazione Mpougatsa cretese e Raki | GUIDA IN ITALIANO <\/p><div class=\"tour-meta\"><span class=\"tour-duration\"><b>Durata:<\/b><br \/> <p><span style=\"color:#000000;\">2 ore e&nbsp;1\/2<\/span><\/p><\/span><span class=\"tour-departure\"><b>Si effettua dal:<\/b><br \/>01\/03\/2025<\/span><\/div><div class=\"tour-price-button\"><div class=\"tour-price\">\u20ac 44,00<\/div><button class=\"tour-button\">SCOPRI DI PI\u00d9<\/button><\/div><\/div><\/div><\/a><a href=\"https:\/\/www.tourgreciaclassica.it\/2025\/viaggi-grecia\/visita-guidata-al-museo-archeologico-di-heraklion\/\" class=\"tour-card-link\"><div class=\"tour-card\"><div class=\"tour-banner\">DA CRETA HERAKLION<\/div><div class=\"tour-image\"><img decoding=\"async\" src=\"https:\/\/www.tourgreciaclassica.it\/2025\/wp-content\/uploads\/2023\/12\/creta-heraklion-museo-archeologico-affreschi-1499819-1.jpg\" alt=\"Visita guidata al Museo Archeologico di Heraklion\"><\/div><div class=\"tour-content\"><h3 class=\"tour-title\">Visita guidata al Museo Archeologico di Heraklion<\/h3><p class=\"tour-description\">Escursione di gruppo \u2022 Da Marzo a Novembre \u2022 Museo Archeologico di Heraklion | GUIDA IN ITALIANO <\/p><div class=\"tour-meta\"><span class=\"tour-duration\"><b>Durata:<\/b><br \/> <p><span style=\"color:#000000;\">2 ore<\/span><\/p><\/span><span class=\"tour-departure\"><b>Si effettua dal:<\/b><br \/>01\/03\/2025<\/span><\/div><div class=\"tour-price-button\"><div class=\"tour-price\">\u20ac 58,00<\/div><button class=\"tour-button\">SCOPRI DI PI\u00d9<\/button><\/div><\/div><\/div><\/a><a href=\"https:\/\/www.tourgreciaclassica.it\/2025\/viaggi-grecia\/tour-heraklion-a-piedi-con-museo-archeologico\/\" class=\"tour-card-link\"><div class=\"tour-card\"><div class=\"tour-banner\">DA CRETA HERAKLION<\/div><div class=\"tour-image\"><img decoding=\"async\" src=\"https:\/\/www.tourgreciaclassica.it\/2025\/wp-content\/uploads\/2024\/12\/heraklion-1-1024x580.jpg\" alt=\"Tour di Heraklion a piedi con Museo Archeologico\"><\/div><div class=\"tour-content\"><h3 class=\"tour-title\">Tour di Heraklion a piedi con Museo Archeologico<\/h3><p class=\"tour-description\">Escursione di gruppo \u2022 Da Marzo a Novembre \u2022 Visita della citt\u00e0 di Heraklion a piedi centro storico, visita del Museo Archeologico di Heraklion \u2022 Degustazione Mpougatsa cretese e Raki | GUIDA IN ITALIANO <\/p><div class=\"tour-meta\"><span class=\"tour-duration\"><b>Durata:<\/b><br \/> <p><span style=\"color:#000000;\">4 ore 1\/2<\/span><\/p><\/span><span class=\"tour-departure\"><b>Si effettua dal:<\/b><br \/>01\/03\/2025<\/span><\/div><div class=\"tour-price-button\"><div class=\"tour-price\">\u20ac 77,00<\/div><button class=\"tour-button\">SCOPRI DI PI\u00d9<\/button><\/div><\/div><\/div><\/a><a href=\"https:\/\/www.tourgreciaclassica.it\/2025\/viaggi-grecia\/palazzo-di-cnosso\/\" class=\"tour-card-link\"><div class=\"tour-card\"><div class=\"tour-banner\">DA CRETA HERAKLION<\/div><div class=\"tour-image\"><img decoding=\"async\" src=\"https:\/\/www.tourgreciaclassica.it\/2025\/wp-content\/uploads\/2023\/12\/Knossos-1024x580.jpg\" alt=\"Visita guidata al Palazzo di Cnosso\"><\/div><div class=\"tour-content\"><h3 class=\"tour-title\">Visita guidata al Palazzo di Cnosso<\/h3><p class=\"tour-description\">Escursione di gruppo \u2022 Da Marzo a Novembre \u2022 Visita del sito archeologico di Cnosso \u2022 Partenza con pullman da Heraklion | GUIDA IN ITALIANO <\/p><div class=\"tour-meta\"><span class=\"tour-duration\"><b>Durata:<\/b><br \/> <p><span style=\"color:#000000;\">3 ore<\/span><\/p><\/span><span class=\"tour-departure\"><b>Si effettua dal:<\/b><br \/>01\/03\/2025<\/span><\/div><div class=\"tour-price-button\"><div class=\"tour-price\">\u20ac 84,00<\/div><button class=\"tour-button\">SCOPRI DI PI\u00d9<\/button><\/div><\/div><\/div><\/a><a href=\"https:\/\/www.tourgreciaclassica.it\/2025\/viaggi-grecia\/visita-guidata-al-museo-archeologico-di-heraklion-e-al-palazzo-di-cnosso\/\" class=\"tour-card-link\"><div class=\"tour-card\"><div class=\"tour-banner\">DA CRETA HERAKLION<\/div><div class=\"tour-image\"><img decoding=\"async\" src=\"https:\/\/www.tourgreciaclassica.it\/2025\/wp-content\/uploads\/2024\/12\/P_20161002_083340-1024x580.jpg\" alt=\"Visita guidata al Museo Archeologico di Heraklion e al Palazzo di Cnosso\"><\/div><div class=\"tour-content\"><h3 class=\"tour-title\">Visita guidata al Museo Archeologico di Heraklion e al Palazzo di Cnosso<\/h3><p class=\"tour-description\">Escursione di gruppo \u2022 Da Marzo a Novembre \u2022 Museo Archeologico di Heraklion e Palazzo di Cnosso | GUIDA IN ITALIANO <\/p><div class=\"tour-meta\"><span class=\"tour-duration\"><b>Durata:<\/b><br \/> <p><span style=\"color:#000000;\">5 ore<\/span><\/p><\/span><span class=\"tour-departure\"><b>Si effettua dal:<\/b><br \/>01\/03\/2025<\/span><\/div><div class=\"tour-price-button\"><div class=\"tour-price\">\u20ac 102,00<\/div><button class=\"tour-button\">SCOPRI DI PI\u00d9<\/button><\/div><\/div><\/div><\/a><a href=\"https:\/\/www.tourgreciaclassica.it\/2025\/viaggi-grecia\/tour-villaggi-cretesi-con-la-gola-di-patsos\/\" class=\"tour-card-link\"><div class=\"tour-card\"><div class=\"tour-banner\">DA CRETA HERAKLION<\/div><div class=\"tour-image\"><img decoding=\"async\" src=\"https:\/\/www.tourgreciaclassica.it\/2025\/wp-content\/uploads\/2023\/12\/Zaros-3903.jpg\" alt=\"Tour Villaggi Cretesi con la Gola di Patsos\"><\/div><div class=\"tour-content\"><h3 class=\"tour-title\">Tour Villaggi Cretesi con la Gola di Patsos<\/h3><p class=\"tour-description\">Escursione di gruppo \u2022 Da Marzo a Novembre \u2022 Zaros, Vatos, Spili, Lampini, Gola di Sant'Antonio | GUIDA IN ITALIANO <\/p><div class=\"tour-meta\"><span class=\"tour-duration\"><b>Durata:<\/b><br \/> <p>10 ore<\/p><\/span><span class=\"tour-departure\"><b>Si effettua dal:<\/b><br \/>05\/03\/2025<\/span><\/div><div class=\"tour-price-button\"><div class=\"tour-price\">\u20ac 114,00<\/div><button class=\"tour-button\">SCOPRI DI PI\u00d9<\/button><\/div><\/div><\/div><\/a><a href=\"https:\/\/www.tourgreciaclassica.it\/2025\/viaggi-grecia\/tour-di-chania-con-georgiopoli-e-lago-kournas\/\" class=\"tour-card-link\"><div class=\"tour-card\"><div class=\"tour-banner\">DA CRETA HERAKLION<\/div><div class=\"tour-image\"><img decoding=\"async\" src=\"https:\/\/www.tourgreciaclassica.it\/2025\/wp-content\/uploads\/2024\/01\/chania-1499837-1.jpg\" alt=\"Tour di Chania con Georgiopoli e Lago Kournas\"><\/div><div class=\"tour-content\"><h3 class=\"tour-title\">Tour di Chania con Georgiopoli e Lago Kournas<\/h3><p class=\"tour-description\">Escursione di gruppo \u2022 Da Marzo a Novembre \u2022 Chania, Georgiopoli, Lago Kournas | GUIDA IN ITALIANO <\/p><div class=\"tour-meta\"><span class=\"tour-duration\"><b>Durata:<\/b><br \/> <p><span style=\"color:#000000;\">9 ore e 1\/2<\/span><\/p><\/span><span class=\"tour-departure\"><b>Si effettua dal:<\/b><br \/>07\/03\/2025<\/span><\/div><div class=\"tour-price-button\"><div class=\"tour-price\">\u20ac 114,00<\/div><button class=\"tour-button\">SCOPRI DI PI\u00d9<\/button><\/div><\/div><\/div><\/a><a href=\"https:\/\/www.tourgreciaclassica.it\/2025\/viaggi-grecia\/escursione-spinalonga-creta\/\" class=\"tour-card-link\"><div class=\"tour-card\"><div class=\"tour-banner\">DA CRETA HERAKLION<\/div><div class=\"tour-image\"><img decoding=\"async\" src=\"https:\/\/www.tourgreciaclassica.it\/2025\/wp-content\/uploads\/2020\/09\/service_823845_10405-1024x682.jpg\" alt=\"Escursione Spinalonga con Panagia Kera e Agios Nikolaos\"><\/div><div class=\"tour-content\"><h3 class=\"tour-title\">Escursione Spinalonga con Panagia Kera e Agios Nikolaos<\/h3><p class=\"tour-description\">Escursione di gruppo \u2022 Da Marzo a Novembre \u2022 Kritsa, Isola di Spinalonga e fortezza, chiesa bizantina di Panagia Kera, Agios Nikolaos | GUIDA IN ITALIANO <\/p><div class=\"tour-meta\"><span class=\"tour-duration\"><b>Durata:<\/b><br \/> <p>9 ore e 1\/2<\/p><\/span><span class=\"tour-departure\"><b>Si effettua dal:<\/b><br \/>06\/04\/2025<\/span><\/div><div class=\"tour-price-button\"><div class=\"tour-price\">\u20ac 120,00<\/div><button class=\"tour-button\">SCOPRI DI PI\u00d9<\/button><\/div><\/div><\/div><\/a><a href=\"https:\/\/www.tourgreciaclassica.it\/2025\/viaggi-grecia\/tour-di-rethymno-con-il-monastero-di-arkadi-e-margarites\/\" class=\"tour-card-link\"><div class=\"tour-card\"><div class=\"tour-banner\">DA CRETA HERAKLION<\/div><div class=\"tour-image\"><img decoding=\"async\" src=\"https:\/\/www.tourgreciaclassica.it\/2025\/wp-content\/uploads\/2024\/12\/rethymno-2-1024x580.jpg\" alt=\"Tour di Rethymno con il Monastero di Arkadi e Margarites\"><\/div><div class=\"tour-content\"><h3 class=\"tour-title\">Tour di Rethymno con il Monastero di Arkadi e Margarites<\/h3><p class=\"tour-description\">Escursione di gruppo \u2022 Da Marzo a Novembre \u2022 Rethymno \u2022 Gola di Sant'Antonio \u2022 Monastero di Arkadi | GUIDA IN ITALIANO <\/p><div class=\"tour-meta\"><span class=\"tour-duration\"><b>Durata:<\/b><br \/> <p><span style=\"color:#000000;\">9 ore e 1\/2<\/span><\/p><\/span><span class=\"tour-departure\"><b>Si effettua dal:<\/b><br \/>06\/03\/2025<\/span><\/div><div class=\"tour-price-button\"><div class=\"tour-price\">\u20ac 120,00<\/div><button class=\"tour-button\">SCOPRI DI PI\u00d9<\/button><\/div><\/div><\/div><\/a><a href=\"https:\/\/www.tourgreciaclassica.it\/2025\/viaggi-grecia\/tour-bellezze-archeologiche-e-naturali-del-centro-sud-di-creta-gortyna-festos-matala-zaros\/\" class=\"tour-card-link\"><div class=\"tour-card\"><div class=\"tour-banner\">DA CRETA HERAKLION<\/div><div class=\"tour-image\"><img decoding=\"async\" src=\"https:\/\/www.tourgreciaclassica.it\/2025\/wp-content\/uploads\/2023\/12\/gortina-2-1499828.jpg\" alt=\"Tour Bellezze Archologiche e Naturali del centro-sud di Creta (Gortyna-Festos-Matala-Zaros)\"><\/div><div class=\"tour-content\"><h3 class=\"tour-title\">Tour Bellezze Archologiche e Naturali del centro-sud di Creta (Gortyna-Festos-Matala-Zaros)<\/h3><p class=\"tour-description\">Escursione di gruppo \u2022 Da Marzo a Novembre \u2022 Gortyna, Festos, Matala, Zaros | GUIDA IN ITALIANO <\/p><div class=\"tour-meta\"><span class=\"tour-duration\"><b>Durata:<\/b><br \/> <p><span style=\"color:#000000;\">8 ore e 1\/2<\/span><\/p><\/span><span class=\"tour-departure\"><b>Si effettua dal:<\/b><br \/>04\/03\/2025<\/span><\/div><div class=\"tour-price-button\"><div class=\"tour-price\">\u20ac 128,00<\/div><button class=\"tour-button\">SCOPRI DI PI\u00d9<\/button><\/div><\/div><\/div><\/a><\/div>[vc_empty_space height=&#8221;60px&#8221;][\/vc_column][\/vc_row][vc_row full_width=&#8221;stretch_row&#8221;][vc_column css=&#8221;.vc_custom_1542167696382{padding-top: 30px !important;padding-bottom: 30px !important;}&#8221;][vc_column_text el_class=&#8221;fs-28 fs-normal&#8221;]<\/p>\n<h2 style=\"text-align: center;\">Guida e informazioni utili sull&#8217;isola di Creta<\/h2>\n<p><span style=\"color: #333333;\">Vi offriamo qualche informazione utile, per la vostra vacanza a Creta, come arrivare, informazioni sui voli e qualche risposta utile<\/span>[\/vc_column_text][vc_tta_tabs style=&#8221;flat&#8221; shape=&#8221;square&#8221; color=&#8221;turquoise&#8221; spacing=&#8221;2&#8243; active_section=&#8221;1&#8243; no_fill_content_area=&#8221;true&#8221; css=&#8221;.vc_custom_1647517479663{padding-top: 20px !important;}&#8221;][vc_tta_section title=&#8221;GUIDA DI CRETA&#8221; tab_id=&#8221;1648120552376-b28db8b7-eec1&#8243;][vc_column_text el_class=&#8221;fs-28 fs-normal&#8221;]<\/p>\n<h3>Quale \u00e8 il periodo migliore per andare a Creta?<\/h3>\n<p><span style=\"color: #333333;\">Per una vacanza a Creta ideale meglio scegliere i mesi di Maggio e Giugno, Settembre e Ottobre. In inverno il clima \u00e8 rigido e fino a Marzo e Aprile c\u2019\u00e8 pioggia, ci sono rovesci. Luglio e Agosto invece sono piuttosto torridi anche se ventilati dalla brezza marina, ma essendo alta stagione sono anche i mesi in cui c\u2019\u00e8 maggior affluenza di turisti.<\/span><\/p>\n<h3>Come raggiungere Creta dall\u2019ltalia?<\/h3>\n<p><span style=\"color: #333333;\">Creta ha due aeroporti internazionale dove arrivare con voli diretti dall\u2019Italia, \u00e8 sicuramente la soluzione pi\u00f9 economica e pi\u00f9 rapida. Ci vogliono circa 3 ore di volo sia da Roma che da Milano.<br \/>\nSe sei gi\u00e0 in Grecia e vuoi raggiungere Creta c\u2019\u00e8 anche un aeroporto nazionale ben collegato: da Atene impiegheresti 50 minuti, da Salonicco poco pi\u00f9 di 1 ora. Altra cosa \u00e8 il traghetto. Puoi prendere la nave dall\u2019Italia e fare scalo al Porto del Pireo di Atene e ripartire da l\u00ec, ma i tempi sono lunghissimi: 15-19 ore per arrivare al Pireo e altre 9-11 ore per arrivare a Creta. Potresti, volendo, volare su Atene e imbarcarti per Creta, riducendo di molto la percorrenza complessiva.<\/span><\/p>\n<h3>Come muoversi a Creta?<\/h3>\n<p><span style=\"color: #333333;\">L\u2019isola \u00e8 ben collegata dai mezzi pubblici tuttavia sappiamo che i tempi non sono mai di chi viaggia. Se vuoi davvero goderti appieno Creta la scelta migliore \u00e8 noleggiare un\u2019auto. Lo scooter, a meno che tu non voglia girare dentro un raggio breve, te lo sconsigliamo. L\u2019isola \u00e8 grande, da Kissamos a Sitia che sono i due punti estremi, ci sono 300 chilometri di percorrenza, ci\u00f2 significa che volendo girare in lungo e in largo, fare un coast-to-coast, devi calcolare almeno 90-100 chilometri.<\/span><\/p>\n<h3>Dove dormire a Creta<\/h3>\n<p><span style=\"color: #333333;\">Essendo l\u2019isola pi\u00f9 grande della Grecia \u00e8 anche quella con pi\u00f9 possibilit\u00e0 di accoglienza. Principalmente le strutture ricettive maggiori si trovano nella parte nord dell\u2019isola, seguendo il tracciato costiero tra La Canea, Tethymno, Heraklion Agios Ni. Non che la parte sud non sia accogliente, ci sono solo meno strutture ricettive.<\/span><\/p>\n<h3>Le spiagge di Creta<\/h3>\n<p><span style=\"color: #333333;\">La costa nord, quella appunto dove ci sono i migliori collegamenti e la migliore accoglienza, \u00e8 certamente la pi\u00f9 turistica con spiagge vitali come Malia e Stavros. La costa sud \u00e8 quella pi\u00f9 selvaggia, con piccoli villaggi, un\u2019atmosfera autentica, spiagge meno affollate come Chrissi, Matala, Preveli e la magnifica Agiofarago. Ancora pi\u00f9 distaccata dal turismo di massa e davvero incontaminata \u00e8 la parte a est dove gli alberi di ulivo e le palme la rendono unica. Qui si incontrano paradisi tropicali come la spiaggia di Vai e quella di Xerokampos. La parte ovest, infine \u00e8 quella pi\u00f9 ricercata, con spiagge incredibili e magnetiche, le pi\u00f9 belle di Creta come Elafonissi, la Baia di Balos e Falassarna.<\/span><\/p>\n<h3>Escursioni da Creta<\/h3>\n<p><span style=\"color: #333333;\">Creta di per s\u00e9 \u00e8 gi\u00e0 un viaggio impegnativo che tra l\u2019altro ti permette di scegliere il nostro fly &amp; drive dedicato. Quindi fare altre escursioni \u00e8 solo per chi ha molti giorni a disposizione. Da Creta si raggiungono facilmente le piccole isole di Spinalonga e Chrissi, la prima \u00e8 bellissima e disabitata, la seconda fa parte di un\u2019area protetta per flora e fauna.<\/span><br \/>\n<span style=\"color: #333333;\">Le altre isole che puoi raggiungere:<\/span><br \/>\n<span style=\"color: #333333;\">l\u2019isola di Karpathos e Rodi, nel Dodecaneso, altrimenti Santorini nelle Cicladi. Un ottimo itinerario da Creta \u00e8 imbarcarsi per le isole di Kythera e Antikythera, raggiungere la punta della Malvasia in Peloponneso e proseguire di l\u00ec verso la Grecia Classica, i siti archeologici e infine Atene. \u00c8 un viaggio lungo ma se hai tempo da dedicargli ne vale davvero la pena. Per esempio potrebbe essere l\u2019ideale per un viaggio di nozze. Anche sposarsi a Santorini e scegliere come meta di nozze Creta \u00e8 una scelta possibile, anzi, davvero magica e romantica.<\/span><\/p>\n<h3>Cosa vedere a Creta<\/h3>\n<p><span style=\"color: #333333;\">Partendo dalle citt\u00e0 ti nominiamo subito Chania, o La Canea, una piccola Venezia con diversi musei tra cui quello bizantino e navale degni di nota. Poi ci sono Rethymno, anche qui dobbiamo parlare di Venezia ma stavolta pi\u00f9 che per l\u2019aspetto estetico, per l\u2019influsso che i veneziani vi hanno lasciato e che ancora si respira. A Rethymno tra i musei che ti consigliamo, oltre a quello del Folklore, il Centro d\u2019Arte Contemporanea conosciuto come Galleria Kanakakis.<\/span><br \/>\n<span style=\"color: #333333;\">Infine Heraklion, famosa per il Museo Archeologico che ricostruisce la storia dell\u2019isola in modo minuzioso. Da Heraklion si pu\u00f2 raggiungere il Palazzo di Knossos, baluardo minoico.<\/span><br \/>\n<span style=\"color: #333333;\">Poi c\u2019\u00e8 Agios Nikolaos, una meta balneare piuttosto glam sulla baia di Mirabello, le cui luci la sera restituiscono un\u2019atmosfera davvero iconica.<\/span><br \/>\n<span style=\"color: #333333;\">Ma la vacanza a Creta non si ferma alle citt\u00e0, anzi, c\u2019\u00e8 tutto un mondo da scoprire dai piccoli porticcioli, alle baie e spiagge incontaminate e bellissime, a luoghi pi\u00f9 naturalistici come le Gole di Imbros e quelle di Samaria, il Palmeto di Vai, il Lago Voulismeni dalla forma particolare a bottiglia, infine la nudit\u00e0 di Frangokastello che guarda l\u2019Africa.<\/span><\/p>\n<h3>Cosa mangiare a Creta<\/h3>\n<p><span style=\"color: #333333;\">Tutto parte dai Mezz\u00e8, spuntini come antipasti o per aperitivi, accompagnati dal raki, una bevanda alcoolica servita con ghiaccio che vi far\u00e0 dimenticare per un po&#8217; l\u2019ouzo. Oppure dai dakos, che sono rondelle di pane condite con pomodori, feta e olive.<\/span><br \/>\n<span style=\"color: #333333;\">Il regno della cucina cretese \u00e8 piuttosto rinomato, vario e abbondante. Dalle zuppe contadine agli stufati di carne, dagli spiedini marinati e grigliati noti come Souvlaki, al pesce e ai frutti di mare, tutto ha un sapore genuino e speciale.<\/span><br \/>\n<span style=\"color: #333333;\">Il pesce soprattutto incanta il palato. Le verdure abbondano nelle terre cretesi, cos\u00ec come il vino, l\u2019olio d\u2019oliva, le erbe e le spezie, il miele.<\/span><br \/>\n<span style=\"color: #333333;\">Ci sono tantissime taverne e ristoranti che sapranno farti provare i gusti pi\u00f9 veri della cucina cretese.<\/span>[\/vc_column_text][\/vc_tta_section][vc_tta_section title=&#8221;INFO UTILI&#8221; tab_id=&#8221;1648120774704-a506dd9e-6a24&#8243;][vc_column_text]<\/p>\n<h3>Prima di partire per la Grecia stipula l\u2019assicurazione di viaggio idonea. Scopri perch\u00e9\u2026<\/h3>\n<p>Partire per la Grecia, con le sue meravigliose isole, il cibo delizioso e l&#8217;incredibile patrimonio storico, \u00e8 un&#8217;esperienza entusiasmante. Tuttavia, per godere appieno della tua vacanza e affrontare eventuali imprevisti con serenit\u00e0, \u00e8 fondamentale stipulare un&#8217;assicurazione di viaggio adeguata. <strong>Ecco perch\u00e9:<\/strong><\/p>\n<ul>\n<li>Avere la TEAM (Tessera Sanitaria Europea) favorisce l\u2019assistenza sanitaria ma questa non \u00e8 un\u2019assicurazione di viaggio. Pertanto \u00e8 raccomandabile la sottoscrizione di una <a href=\"https:\/\/services.viaggioggi.it\/media\/uploads\/Polizza%20ERGO.pdf\" target=\"_blank\" rel=\"noopener\"><strong>polizza assicurativa<\/strong><\/a>, con adeguato massimale, in modo che si possano coprire eventuali cure o terapie mediche in loco e\/o il rimpatrio in aereo con aeroambulanza.<\/li>\n<li>Imprevisti personali o familiari possono costringerti ad annullare il viaggio all&#8217;ultimo minuto. Un&#8217;assicurazione di viaggio ti permette di recuperare i costi dei voli, degli hotel e delle attivit\u00e0 prenotate, evitandoti perdite economiche significative.<\/li>\n<li>Bagagli smarriti, danneggiati o rubati possono rovinare la vacanza. Un&#8217;assicurazione di viaggio ti offre una copertura per la perdita o il danneggiamento dei tuoi effetti personali, consentendoti di continuare il tuo viaggio senza preoccupazioni.Stipulare un&#8217;assicurazione di viaggio prima di partire per la Grecia \u00e8 una scelta saggia che ti consente di viaggiare con tranquillit\u00e0 e sicurezza. Non lasciare che imprevisti rovinino la tua avventura ellenica; proteggiti e goditi ogni momento della tua vacanza!<br \/>\nSu vaccinazioni raccomandate ma non obbligatorie \u00e8 buona regola consultare il proprio medico.<br \/>\nPer tutte le altre info e approfondimenti ti rimandiamo a <a href=\"https:\/\/www.viaggiaresicuri.it\/find-country\/country\/GRC\" target=\"_blank\" rel=\"noopener\">Viaggiare Sicuri<\/a>.<\/li>\n<\/ul>\n<h3>C\u2019\u00e8 il fuso orario a Creta?<\/h3>\n<p><span style=\"color: #333333;\">Rispetto all\u2019Italia Creta si trova un\u2019ora avanti.<\/span><\/p>\n<h3>Quando sono a Creta come posso chiamare l\u2019Italia?<\/h3>\n<p><span style=\"color: #333333;\">Il prefisso che devi digitare sul cellulare, prima del numero che vuoi chiamare, \u00e8 lo 0039. Se chiami un fisso togli il primo zero. Se invece vuoi farti chiamare, dall\u2019Italia devono digitare lo 0030 prima del numero.<\/span><br \/>\n<span style=\"color: #333333;\">Quale \u00e8 la moneta corrente in Grecia?<\/span><br \/>\n<span style=\"color: #333333;\">L\u2019Euro. Ovviamente considera di portare o prelevare denaro perch\u00e9 non tutti i negozi sono abilitati al pagamento con pos.<\/span>[\/vc_column_text][\/vc_tta_section][vc_tta_section title=&#8221;HOTEL A CRETA&#8221; tab_id=&#8221;1648120865201-e2a2ec9e-9a45&#8243;][vc_masonry_media_grid element_width=&#8221;3&#8243; grid_id=&#8221;vc_gid:1739897855044-2d21e20a-26a4-6&#8243; include=&#8221;15619,15577,15456,15400,15399,15392,15393,15396,15398,15310,15284,15298,15308,15280,15281,15278&#8243;][\/vc_tta_section][\/vc_tta_tabs][\/vc_column][\/vc_row][vc_row css=&#8221;.vc_custom_1646989697467{padding-top: 50px !important;}&#8221;][vc_column width=&#8221;1\/2&#8243; css=&#8221;.vc_custom_1646989863922{padding-right: 30px !important;}&#8221;]\n<div class=\"wpcf7 no-js\" id=\"wpcf7-f12713-o1\" lang=\"en-US\" dir=\"ltr\" data-wpcf7-id=\"12713\">\n<div class=\"screen-reader-response\"><p role=\"status\" aria-live=\"polite\" aria-atomic=\"true\"><\/p> <ul><\/ul><\/div>\n<form action=\"\/2025\/wp-json\/wp\/v2\/pages\/15965#wpcf7-f12713-o1\" method=\"post\" class=\"wpcf7-form init\" aria-label=\"Contact form\" novalidate=\"novalidate\" data-status=\"init\">\n<div style=\"display: none;\">\n<input type=\"hidden\" name=\"_wpcf7\" value=\"12713\" \/>\n<input type=\"hidden\" name=\"_wpcf7_version\" value=\"6.0.6\" \/>\n<input type=\"hidden\" name=\"_wpcf7_locale\" value=\"en_US\" \/>\n<input type=\"hidden\" name=\"_wpcf7_unit_tag\" value=\"wpcf7-f12713-o1\" \/>\n<input type=\"hidden\" name=\"_wpcf7_container_post\" value=\"0\" \/>\n<input type=\"hidden\" name=\"_wpcf7_posted_data_hash\" value=\"\" \/>\n<input type=\"hidden\" name=\"_wpcf7dtx_version\" value=\"5.0.3\" \/>\n<\/div>\n<div>\n\t<h4>Invia una email oppure contatta il numero 06 489 03 604\n\t<\/h4>\n\t<p>Elaboreremo la tua richiesta il prima possibile\n\t<\/p>\n<\/div>\n<p><span class=\"wpcf7-form-control-wrap\" data-name=\"your-name\"><input size=\"40\" maxlength=\"400\" class=\"wpcf7-form-control wpcf7-text wpcf7-validates-as-required form-control\" aria-required=\"true\" aria-invalid=\"false\" placeholder=\"* Nome Cognome\" value=\"\" type=\"text\" name=\"your-name\" \/><\/span>\n<\/p>\n<p><span class=\"wpcf7-form-control-wrap\" data-name=\"your-email\"><input size=\"40\" maxlength=\"400\" class=\"wpcf7-form-control wpcf7-email wpcf7-validates-as-required wpcf7-text wpcf7-validates-as-email form-control\" aria-required=\"true\" aria-invalid=\"false\" placeholder=\"* Email\" value=\"\" type=\"email\" name=\"your-email\" \/><\/span>\n<\/p>\n<p><span class=\"wpcf7-form-control-wrap\" data-name=\"tel-782\"><input size=\"40\" maxlength=\"400\" class=\"wpcf7-form-control wpcf7-tel wpcf7-validates-as-required wpcf7-text wpcf7-validates-as-tel form-control\" id=\"telefono\" aria-required=\"true\" aria-invalid=\"false\" placeholder=\"* Telefono\" value=\"\" type=\"tel\" name=\"tel-782\" \/><\/span>\n<\/p>\n<p><span class=\"wpcf7-form-control-wrap\" data-name=\"your-subject\"><input size=\"40\" maxlength=\"400\" class=\"wpcf7-form-control wpcf7-text wpcf7-validates-as-required form-control\" aria-required=\"true\" aria-invalid=\"false\" placeholder=\"* Dove voglio andare\" value=\"\" type=\"text\" name=\"your-subject\" \/><\/span>\n<\/p>\n<p><span class=\"wpcf7-form-control-wrap\" data-name=\"adulti\"><input class=\"wpcf7-form-control wpcf7-number wpcf7-validates-as-required wpcf7-validates-as-number form-control\" id=\"viaggiatori\" min=\"1\" max=\"100\" aria-required=\"true\" aria-invalid=\"false\" placeholder=\"Numero adulti\" value=\"\" type=\"number\" name=\"adulti\" \/><\/span>\n<\/p>\n<p><span class=\"wpcf7-form-control-wrap\" data-name=\"bambini\"><input class=\"wpcf7-form-control wpcf7-number wpcf7-validates-as-number form-control\" min=\"0\" max=\"100\" aria-invalid=\"false\" placeholder=\"Numero bambini\" value=\"\" type=\"number\" name=\"bambini\" \/><\/span>\n<\/p>\n<div class=\"form-group\">\n\t<p><span class=\"wpcf7-form-control-wrap\" data-name=\"date\"><input size=\"40\" maxlength=\"400\" class=\"wpcf7-form-control wpcf7-text wpcf7-validates-as-required form-control\" id=\"date\" aria-required=\"true\" aria-invalid=\"false\" placeholder=\"* Date di Partenza\" value=\"\" type=\"text\" name=\"date\" \/><\/span>\n\t<\/p>\n<\/div>\n<div class=\"form-group\">\n\t<p><span class=\"wpcf7-form-control-wrap Budget\" data-name=\"Budget\"><select name=\"Budget\" id=\"budget\" class=\"wpcf7-form-control wpcf7-select wpcf7dtx wpcf7dtx-select form-control\" aria-invalid=\"false\" required=\"required\" size=\"1\"><option value=\"\" selected disabled>budget a persona<\/option><option value=\"\u20ac800 - \u20ac1000\">\u20ac800 - \u20ac1000<\/option><option value=\"\u20ac1000 - \u20ac1500\">\u20ac1000 - \u20ac1500<\/option><option value=\"\u20ac1500 - \u20ac2000\">\u20ac1500 - \u20ac2000<\/option><option value=\"pi\u00f9 di \u20ac2000\">pi\u00f9 di \u20ac2000<\/option><\/select><\/span>\n\t<\/p>\n<\/div>\n<div class=\"form-group\">\n\t<p><span class=\"wpcf7-form-control-wrap Tipo-struttura-trattamento\" data-name=\"Tipo-struttura-trattamento\"><select name=\"Tipo-struttura-trattamento\" id=\"strutture\" class=\"wpcf7-form-control wpcf7-select wpcf7dtx wpcf7dtx-select form-control\" aria-invalid=\"false\" required=\"required\" size=\"1\"><option value=\"\" selected disabled>Scegli struttura trattamento desiderato<\/option><option value=\"Hotel - prima colazione\">Hotel - prima colazione<\/option><option value=\"Hotel - mezza pensione\">Hotel - mezza pensione<\/option><option value=\"Hotel - all inclusive\">Hotel - all inclusive<\/option><option value=\"appartamento - solo pernottamento\">appartamento - solo pernottamento<\/option><\/select><\/span>\n\t<\/p>\n<\/div>\n<p><span class=\"wpcf7-form-control-wrap\" data-name=\"your-message\"><textarea cols=\"40\" rows=\"10\" maxlength=\"2000\" class=\"wpcf7-form-control wpcf7-textarea wpcf7-validates-as-required form-control\" aria-required=\"true\" aria-invalid=\"false\" placeholder=\"* Inserisci da dove vuoi partire, et\u00e0 dei bambini se presenti e informazioni utili per il preventivo\" name=\"your-message\"><\/textarea><\/span>\n<\/p>\n<div>\n\t<p><span class=\"wpcf7-form-control-wrap\" data-name=\"acceptance-703\"><span class=\"wpcf7-form-control wpcf7-acceptance\"><span class=\"wpcf7-list-item\"><label><input type=\"checkbox\" name=\"acceptance-703\" value=\"1\" aria-invalid=\"false\" \/><span class=\"wpcf7-list-item-label\">* Ho letto l'<a href=\"https:\/\/tourgreciaclassica.it\/privacy-policy\/\" target=\"_blank\">informativa privacy<\/a> e acconsento alla memorizzazione dei miei dati nel vostro archivio secondo quanto stabilito dal regolamento europeo per la protezione dei dati personali n. 679\/2016, GDPR.<\/span><\/label><\/span><\/span><\/span>\n\t<\/p>\n<\/div>\n<p><input class=\"wpcf7-form-control wpcf7-submit has-spinner btn btn-primary bottone_invio_contatti\" type=\"submit\" value=\"INVIA EMAIL\" \/>\n<\/p>\n<span class=\"wpcf7-form-control-wrap pagina-URL\" data-name=\"pagina-URL\"><input type=\"hidden\" name=\"pagina-URL\" class=\"wpcf7-form-control wpcf7-hidden wpcf7dtx wpcf7dtx-hidden\" aria-invalid=\"false\" value=\"https:\/\/www.tourgreciaclassica.it\/2025\/2025\/wp-json\/wp\/v2\/pages\/15965\"><\/span>\n<p><script type=\"text\/javascript\">\njQuery('.bottone_invio_contatti').on('click', function(){\nvar name_CF = jQuery('input[name=\"your-name\"]').val().length;\nvar email_CF = jQuery('input[name=\"your-email\"]').val().length;\nvar message_CF = jQuery('textarea[name=\"your-message\"]').val().length;\nif (name_CF && email_CF && message_CF) {\ngtag('event', 'submission_contatti' ,{'event_category' : 'form_contatti', 'event_label' : 'Invio Form Contatti'});\n\/\/console.log('GA_conversion_SUCCESS');\n}\n});\n<\/script>\n<\/p><input type='hidden' class='wpcf7-pum' value='{\"closepopup\":false,\"closedelay\":0,\"openpopup\":false,\"openpopup_id\":0}' \/><div class=\"wpcf7-response-output\" aria-hidden=\"true\"><\/div>\n<\/form>\n<\/div>\n[\/vc_column][vc_column width=&#8221;1\/2&#8243;]<style type=\"text\/css\" data-type=\"the7_shortcodes-inline-css\">.gallery-shortcode.gallery-masonry-shortcode-id-9b2243cb17b8b3372880ec14aebe20a1 figure,\n.gallery-shortcode.gallery-masonry-shortcode-id-9b2243cb17b8b3372880ec14aebe20a1 .rollover,\n.gallery-shortcode.gallery-masonry-shortcode-id-9b2243cb17b8b3372880ec14aebe20a1 img,\n.gallery-shortcode.gallery-masonry-shortcode-id-9b2243cb17b8b3372880ec14aebe20a1 .gallery-rollover {\n  border-radius: 0px;\n}\n.gallery-shortcode.gallery-masonry-shortcode-id-9b2243cb17b8b3372880ec14aebe20a1.enable-bg-rollover .gallery-rollover {\n  background: -webkit-linear-gradient();\n  background: linear-gradient();\n}\n.gallery-shortcode.gallery-masonry-shortcode-id-9b2243cb17b8b3372880ec14aebe20a1.enable-bg-rollover.hover-scale figure .rollover:after {\n  background: -webkit-linear-gradient();\n  background: linear-gradient();\n}\n.gallery-shortcode.gallery-masonry-shortcode-id-9b2243cb17b8b3372880ec14aebe20a1 .gallery-zoom-ico {\n  width: 44px;\n  height: 44px;\n  line-height: 44px;\n  border-radius: 100px;\n  margin: -22px 0 0 -22px;\n  border-width: 0px;\n  color: #ffffff;\n}\n.dt-icon-bg-on.gallery-shortcode.gallery-masonry-shortcode-id-9b2243cb17b8b3372880ec14aebe20a1 .gallery-zoom-ico {\n  background: rgba(255,255,255,0.3);\n  box-shadow: none;\n}\n.gallery-shortcode.gallery-masonry-shortcode-id-9b2243cb17b8b3372880ec14aebe20a1 .gallery-zoom-ico:before,\n.gallery-shortcode.gallery-masonry-shortcode-id-9b2243cb17b8b3372880ec14aebe20a1 .gallery-zoom-ico span {\n  font-size: 32px;\n  line-height: 44px;\n  color: #ffffff;\n}\n.gallery-shortcode.gallery-masonry-shortcode-id-9b2243cb17b8b3372880ec14aebe20a1:not(.resize-by-browser-width) .dt-css-grid {\n  grid-row-gap: 10px;\n  grid-column-gap: 10px;\n  grid-template-columns: repeat(auto-fill,minmax(,1fr));\n}\n.gallery-shortcode.gallery-masonry-shortcode-id-9b2243cb17b8b3372880ec14aebe20a1:not(.resize-by-browser-width) .dt-css-grid .double-width {\n  grid-column: span 2;\n}\n.cssgridlegacy.no-cssgrid .gallery-shortcode.gallery-masonry-shortcode-id-9b2243cb17b8b3372880ec14aebe20a1:not(.resize-by-browser-width) .dt-css-grid,\n.no-cssgridlegacy.no-cssgrid .gallery-shortcode.gallery-masonry-shortcode-id-9b2243cb17b8b3372880ec14aebe20a1:not(.resize-by-browser-width) .dt-css-grid {\n  display: flex;\n  flex-flow: row wrap;\n  margin: -5px;\n}\n.cssgridlegacy.no-cssgrid .gallery-shortcode.gallery-masonry-shortcode-id-9b2243cb17b8b3372880ec14aebe20a1:not(.resize-by-browser-width) .dt-css-grid .wf-cell,\n.no-cssgridlegacy.no-cssgrid .gallery-shortcode.gallery-masonry-shortcode-id-9b2243cb17b8b3372880ec14aebe20a1:not(.resize-by-browser-width) .dt-css-grid .wf-cell {\n  flex: 1 0 ;\n  max-width: 100%;\n  padding: 5px;\n  box-sizing: border-box;\n}\n.gallery-shortcode.gallery-masonry-shortcode-id-9b2243cb17b8b3372880ec14aebe20a1.resize-by-browser-width .dt-css-grid {\n  grid-template-columns: repeat(3,1fr);\n  grid-template-rows: auto;\n  grid-column-gap: 10px;\n  grid-row-gap: 10px;\n}\n.gallery-shortcode.gallery-masonry-shortcode-id-9b2243cb17b8b3372880ec14aebe20a1.resize-by-browser-width .dt-css-grid .double-width {\n  grid-column: span 2;\n}\n.cssgridlegacy.no-cssgrid .gallery-shortcode.gallery-masonry-shortcode-id-9b2243cb17b8b3372880ec14aebe20a1.resize-by-browser-width .dt-css-grid {\n  margin: -5px;\n}\n.cssgridlegacy.no-cssgrid .gallery-shortcode.gallery-masonry-shortcode-id-9b2243cb17b8b3372880ec14aebe20a1.resize-by-browser-width .dt-css-grid .wf-cell {\n  width: 33.333333333333%;\n  padding: 5px;\n}\n.cssgridlegacy.no-cssgrid .gallery-shortcode.gallery-masonry-shortcode-id-9b2243cb17b8b3372880ec14aebe20a1.resize-by-browser-width .dt-css-grid .wf-cell.double-width {\n  width: calc(33.333333333333%) * 2;\n}\n.gallery-shortcode.gallery-masonry-shortcode-id-9b2243cb17b8b3372880ec14aebe20a1.resize-by-browser-width:not(.centered-layout-list):not(.content-bg-on) .dt-css-grid {\n  grid-row-gap: 10px - ;\n}\n@media screen and (max-width: 1199px) {\n  .gallery-shortcode.gallery-masonry-shortcode-id-9b2243cb17b8b3372880ec14aebe20a1.resize-by-browser-width .dt-css-grid {\n    grid-template-columns: repeat(3,1fr);\n  }\n  .cssgridlegacy.no-cssgrid .gallery-shortcode.gallery-masonry-shortcode-id-9b2243cb17b8b3372880ec14aebe20a1.resize-by-browser-width .dt-css-grid .wf-cell,\n  .no-cssgridlegacy.no-cssgrid .gallery-shortcode.gallery-masonry-shortcode-id-9b2243cb17b8b3372880ec14aebe20a1.resize-by-browser-width .dt-css-grid .wf-cell {\n    width: 33.333333333333%;\n  }\n  .cssgridlegacy.no-cssgrid .gallery-shortcode.gallery-masonry-shortcode-id-9b2243cb17b8b3372880ec14aebe20a1.resize-by-browser-width .dt-css-grid .wf-cell.double-width,\n  .no-cssgridlegacy.no-cssgrid .gallery-shortcode.gallery-masonry-shortcode-id-9b2243cb17b8b3372880ec14aebe20a1.resize-by-browser-width .dt-css-grid .wf-cell.double-width {\n    width: calc(33.333333333333%)*2;\n  }\n}\n@media screen and (max-width: 991px) {\n  .gallery-shortcode.gallery-masonry-shortcode-id-9b2243cb17b8b3372880ec14aebe20a1.resize-by-browser-width .dt-css-grid {\n    grid-template-columns: repeat(3,1fr);\n  }\n  .cssgridlegacy.no-cssgrid .gallery-shortcode.gallery-masonry-shortcode-id-9b2243cb17b8b3372880ec14aebe20a1.resize-by-browser-width .dt-css-grid .wf-cell,\n  .no-cssgridlegacy.no-cssgrid .gallery-shortcode.gallery-masonry-shortcode-id-9b2243cb17b8b3372880ec14aebe20a1.resize-by-browser-width .dt-css-grid .wf-cell {\n    width: 33.333333333333%;\n  }\n  .cssgridlegacy.no-cssgrid .gallery-shortcode.gallery-masonry-shortcode-id-9b2243cb17b8b3372880ec14aebe20a1.resize-by-browser-width .dt-css-grid .wf-cell.double-width,\n  .no-cssgridlegacy.no-cssgrid .gallery-shortcode.gallery-masonry-shortcode-id-9b2243cb17b8b3372880ec14aebe20a1.resize-by-browser-width .dt-css-grid .wf-cell.double-width {\n    width: calc(33.333333333333%)*2;\n  }\n}\n@media screen and (max-width: 767px) {\n  .gallery-shortcode.gallery-masonry-shortcode-id-9b2243cb17b8b3372880ec14aebe20a1.resize-by-browser-width .dt-css-grid {\n    grid-template-columns: repeat(3,1fr);\n  }\n  .cssgridlegacy.no-cssgrid .gallery-shortcode.gallery-masonry-shortcode-id-9b2243cb17b8b3372880ec14aebe20a1.resize-by-browser-width .dt-css-grid .wf-cell,\n  .no-cssgridlegacy.no-cssgrid .gallery-shortcode.gallery-masonry-shortcode-id-9b2243cb17b8b3372880ec14aebe20a1.resize-by-browser-width .dt-css-grid .wf-cell {\n    width: 33.333333333333%;\n  }\n  .cssgridlegacy.no-cssgrid .gallery-shortcode.gallery-masonry-shortcode-id-9b2243cb17b8b3372880ec14aebe20a1.resize-by-browser-width .dt-css-grid .wf-cell.double-width,\n  .no-cssgridlegacy.no-cssgrid .gallery-shortcode.gallery-masonry-shortcode-id-9b2243cb17b8b3372880ec14aebe20a1.resize-by-browser-width .dt-css-grid .wf-cell.double-width {\n    width: calc(33.333333333333%)*2;\n  }\n}\n<\/style><div class=\"gallery-shortcode dt-gallery-container gallery-masonry-shortcode-id-9b2243cb17b8b3372880ec14aebe20a1 mode-grid jquery-filter dt-icon-bg-off quick-scale-img dt-css-grid-wrap enable-bg-rollover resize-by-browser-width  hover-fade loading-effect-none description-on-hover\" data-padding=\"5px\" data-cur-page=\"1\" data-post-limit=\"-1\" data-pagination-mode=\"none\" data-desktop-columns-num=\"3\" data-v-tablet-columns-num=\"3\" data-h-tablet-columns-num=\"3\" data-phone-columns-num=\"3\" data-width=\"0px\" data-columns=\"0\"><div class=\"dt-css-grid\" ><div class=\"wf-cell\" data-post-id=\"27789\" data-date=\"2024-10-10T22:12:36+00:00\" data-name=\"creta isola agios nikolaos porto-2130.jpg\"><figure class=\"post visible\"><a href=\"https:\/\/www.tourgreciaclassica.it\/2025\/wp-content\/uploads\/2022\/05\/creta-isola-agios-nikolaos-porto-2130-1.jpg\" class=\"rollover dt-pswp-item layzr-bg\" data-large_image_width=\"1200\" data-large_image_height=\"800\" data-dt-img-description=\"\" title=\"creta isola agios nikolaos porto-2130.jpg\"><img fetchpriority=\"high\" decoding=\"async\" class=\"preload-me iso-lazy-load aspect\" src=\"data:image\/svg+xml,%3Csvg%20xmlns%3D&#39;http%3A%2F%2Fwww.w3.org%2F2000%2Fsvg&#39;%20viewBox%3D&#39;0%200%20375%20375&#39;%2F%3E\" data-src=\"https:\/\/www.tourgreciaclassica.it\/2025\/wp-content\/uploads\/2022\/05\/creta-isola-agios-nikolaos-porto-2130-1-375x375.jpg\" data-srcset=\"https:\/\/www.tourgreciaclassica.it\/2025\/wp-content\/uploads\/2022\/05\/creta-isola-agios-nikolaos-porto-2130-1-375x375.jpg 375w, https:\/\/www.tourgreciaclassica.it\/2025\/wp-content\/uploads\/2022\/05\/creta-isola-agios-nikolaos-porto-2130-1-563x563.jpg 563w\" loading=\"eager\" style=\"--ratio: 375 \/ 375\" sizes=\"(max-width: 375px) 100vw, 375px\" alt=\"\" width=\"375\" height=\"375\"  \/><span class=\"gallery-rollover\"><\/span><\/a><\/figure><\/div><div class=\"wf-cell\" data-post-id=\"27788\" data-date=\"2024-10-10T22:12:36+00:00\" data-name=\"creta monastero arkadi-2131.jpg\"><figure class=\"post visible\"><a href=\"https:\/\/www.tourgreciaclassica.it\/2025\/wp-content\/uploads\/2022\/05\/creta-monastero-arkadi-2131.jpg\" class=\"rollover dt-pswp-item layzr-bg\" data-large_image_width=\"1280\" data-large_image_height=\"686\" data-dt-img-description=\"\" title=\"creta monastero arkadi-2131.jpg\"><img decoding=\"async\" class=\"preload-me iso-lazy-load aspect\" src=\"data:image\/svg+xml,%3Csvg%20xmlns%3D&#39;http%3A%2F%2Fwww.w3.org%2F2000%2Fsvg&#39;%20viewBox%3D&#39;0%200%20375%20375&#39;%2F%3E\" data-src=\"https:\/\/www.tourgreciaclassica.it\/2025\/wp-content\/uploads\/2022\/05\/creta-monastero-arkadi-2131-375x375.jpg\" data-srcset=\"https:\/\/www.tourgreciaclassica.it\/2025\/wp-content\/uploads\/2022\/05\/creta-monastero-arkadi-2131-375x375.jpg 375w, https:\/\/www.tourgreciaclassica.it\/2025\/wp-content\/uploads\/2022\/05\/creta-monastero-arkadi-2131-563x563.jpg 563w\" loading=\"eager\" style=\"--ratio: 375 \/ 375\" sizes=\"(max-width: 375px) 100vw, 375px\" alt=\"\" width=\"375\" height=\"375\"  \/><span class=\"gallery-rollover\"><\/span><\/a><\/figure><\/div><div class=\"wf-cell\" data-post-id=\"27781\" data-date=\"2024-10-10T22:12:31+00:00\" data-name=\"creta knossos-2127.jpg\"><figure class=\"post visible\"><a href=\"https:\/\/www.tourgreciaclassica.it\/2025\/wp-content\/uploads\/2022\/05\/creta-knossos-2127.jpg\" class=\"rollover dt-pswp-item layzr-bg\" data-large_image_width=\"1280\" data-large_image_height=\"850\" data-dt-img-description=\"\" title=\"creta knossos-2127.jpg\"><img decoding=\"async\" class=\"preload-me iso-lazy-load aspect\" src=\"data:image\/svg+xml,%3Csvg%20xmlns%3D&#39;http%3A%2F%2Fwww.w3.org%2F2000%2Fsvg&#39;%20viewBox%3D&#39;0%200%20375%20375&#39;%2F%3E\" data-src=\"https:\/\/www.tourgreciaclassica.it\/2025\/wp-content\/uploads\/2022\/05\/creta-knossos-2127-375x375.jpg\" data-srcset=\"https:\/\/www.tourgreciaclassica.it\/2025\/wp-content\/uploads\/2022\/05\/creta-knossos-2127-375x375.jpg 375w, https:\/\/www.tourgreciaclassica.it\/2025\/wp-content\/uploads\/2022\/05\/creta-knossos-2127-563x563.jpg 563w\" loading=\"eager\" style=\"--ratio: 375 \/ 375\" sizes=\"(max-width: 375px) 100vw, 375px\" alt=\"\" width=\"375\" height=\"375\"  \/><span class=\"gallery-rollover\"><\/span><\/a><\/figure><\/div><div class=\"wf-cell\" data-post-id=\"27596\" data-date=\"2024-10-10T22:09:36+00:00\" data-name=\"creta heraklion museo archeologico affreschi-1499819.jpg\"><figure class=\"post visible\"><a href=\"https:\/\/www.tourgreciaclassica.it\/2025\/wp-content\/uploads\/2023\/12\/creta-heraklion-museo-archeologico-affreschi-1499819-1.jpg\" class=\"rollover dt-pswp-item layzr-bg\" data-large_image_width=\"990\" data-large_image_height=\"557\" data-dt-img-description=\"\" title=\"creta heraklion museo archeologico affreschi-1499819.jpg\"><img decoding=\"async\" class=\"preload-me iso-lazy-load aspect\" src=\"data:image\/svg+xml,%3Csvg%20xmlns%3D&#39;http%3A%2F%2Fwww.w3.org%2F2000%2Fsvg&#39;%20viewBox%3D&#39;0%200%20375%20375&#39;%2F%3E\" data-src=\"https:\/\/www.tourgreciaclassica.it\/2025\/wp-content\/uploads\/2023\/12\/creta-heraklion-museo-archeologico-affreschi-1499819-1-375x375.jpg\" data-srcset=\"https:\/\/www.tourgreciaclassica.it\/2025\/wp-content\/uploads\/2023\/12\/creta-heraklion-museo-archeologico-affreschi-1499819-1-375x375.jpg 375w, https:\/\/www.tourgreciaclassica.it\/2025\/wp-content\/uploads\/2023\/12\/creta-heraklion-museo-archeologico-affreschi-1499819-1-557x557.jpg 557w\" loading=\"eager\" style=\"--ratio: 375 \/ 375\" sizes=\"(max-width: 375px) 100vw, 375px\" alt=\"\" width=\"375\" height=\"375\"  \/><span class=\"gallery-rollover\"><\/span><\/a><\/figure><\/div><div class=\"wf-cell\" data-post-id=\"27790\" data-date=\"2024-10-10T22:12:38+00:00\" data-name=\"creta monastero arkadi-2131.jpg\"><figure class=\"post visible\"><a href=\"https:\/\/www.tourgreciaclassica.it\/2025\/wp-content\/uploads\/2022\/05\/creta-monastero-arkadi-2131-1.jpg\" class=\"rollover dt-pswp-item layzr-bg\" data-large_image_width=\"1280\" data-large_image_height=\"686\" data-dt-img-description=\"\" title=\"creta monastero arkadi-2131.jpg\"><img decoding=\"async\" class=\"preload-me iso-lazy-load aspect\" src=\"data:image\/svg+xml,%3Csvg%20xmlns%3D&#39;http%3A%2F%2Fwww.w3.org%2F2000%2Fsvg&#39;%20viewBox%3D&#39;0%200%20375%20375&#39;%2F%3E\" data-src=\"https:\/\/www.tourgreciaclassica.it\/2025\/wp-content\/uploads\/2022\/05\/creta-monastero-arkadi-2131-1-375x375.jpg\" data-srcset=\"https:\/\/www.tourgreciaclassica.it\/2025\/wp-content\/uploads\/2022\/05\/creta-monastero-arkadi-2131-1-375x375.jpg 375w, https:\/\/www.tourgreciaclassica.it\/2025\/wp-content\/uploads\/2022\/05\/creta-monastero-arkadi-2131-1-563x563.jpg 563w\" loading=\"eager\" style=\"--ratio: 375 \/ 375\" sizes=\"(max-width: 375px) 100vw, 375px\" alt=\"\" width=\"375\" height=\"375\"  \/><span class=\"gallery-rollover\"><\/span><\/a><\/figure><\/div><div class=\"wf-cell\" data-post-id=\"27504\" data-date=\"2024-10-10T22:07:55+00:00\" data-name=\"rethymno_creta-3919.jpg\"><figure class=\"post visible\"><a href=\"https:\/\/www.tourgreciaclassica.it\/2025\/wp-content\/uploads\/2023\/12\/rethymno_creta-3919-1.jpg\" class=\"rollover dt-pswp-item layzr-bg\" data-large_image_width=\"650\" data-large_image_height=\"430\" data-dt-img-description=\"\" title=\"rethymno_creta-3919.jpg\"><img decoding=\"async\" class=\"preload-me iso-lazy-load aspect\" src=\"data:image\/svg+xml,%3Csvg%20xmlns%3D&#39;http%3A%2F%2Fwww.w3.org%2F2000%2Fsvg&#39;%20viewBox%3D&#39;0%200%20375%20375&#39;%2F%3E\" data-src=\"https:\/\/www.tourgreciaclassica.it\/2025\/wp-content\/uploads\/2023\/12\/rethymno_creta-3919-1-375x375.jpg\" data-srcset=\"https:\/\/www.tourgreciaclassica.it\/2025\/wp-content\/uploads\/2023\/12\/rethymno_creta-3919-1-375x375.jpg 375w, https:\/\/www.tourgreciaclassica.it\/2025\/wp-content\/uploads\/2023\/12\/rethymno_creta-3919-1-429x430.jpg 429w\" loading=\"eager\" style=\"--ratio: 375 \/ 375\" sizes=\"(max-width: 375px) 100vw, 375px\" alt=\"\" width=\"375\" height=\"375\"  \/><span class=\"gallery-rollover\"><\/span><\/a><\/figure><\/div><div class=\"wf-cell\" data-post-id=\"27489\" data-date=\"2024-10-10T22:07:45+00:00\" data-name=\"creta-palazzo-di-cnosso-3929.jpg\"><figure class=\"post visible\"><a href=\"https:\/\/www.tourgreciaclassica.it\/2025\/wp-content\/uploads\/2023\/12\/creta-palazzo-di-cnosso-3929.jpg\" class=\"rollover dt-pswp-item layzr-bg\" data-large_image_width=\"850\" data-large_image_height=\"390\" data-dt-img-description=\"\" title=\"creta-palazzo-di-cnosso-3929.jpg\"><img decoding=\"async\" class=\"preload-me iso-lazy-load aspect\" src=\"data:image\/svg+xml,%3Csvg%20xmlns%3D&#39;http%3A%2F%2Fwww.w3.org%2F2000%2Fsvg&#39;%20viewBox%3D&#39;0%200%20375%20375&#39;%2F%3E\" data-src=\"https:\/\/www.tourgreciaclassica.it\/2025\/wp-content\/uploads\/2023\/12\/creta-palazzo-di-cnosso-3929-375x375.jpg\" data-srcset=\"https:\/\/www.tourgreciaclassica.it\/2025\/wp-content\/uploads\/2023\/12\/creta-palazzo-di-cnosso-3929-375x375.jpg 375w, https:\/\/www.tourgreciaclassica.it\/2025\/wp-content\/uploads\/2023\/12\/creta-palazzo-di-cnosso-3929-390x390.jpg 390w\" loading=\"eager\" style=\"--ratio: 375 \/ 375\" sizes=\"(max-width: 375px) 100vw, 375px\" alt=\"\" width=\"375\" height=\"375\"  \/><span class=\"gallery-rollover\"><\/span><\/a><\/figure><\/div><div class=\"wf-cell\" data-post-id=\"27278\" data-date=\"2024-10-10T08:26:14+00:00\" data-name=\"creta chania lungomare (2)\"><figure class=\"post visible\"><a href=\"https:\/\/www.tourgreciaclassica.it\/2025\/wp-content\/uploads\/2024\/10\/creta-chania-lungomare-2.jpg\" class=\"rollover dt-pswp-item layzr-bg\" data-large_image_width=\"1200\" data-large_image_height=\"802\" data-dt-img-description=\"\" title=\"creta chania lungomare (2)\"><img decoding=\"async\" class=\"preload-me iso-lazy-load aspect\" src=\"data:image\/svg+xml,%3Csvg%20xmlns%3D&#39;http%3A%2F%2Fwww.w3.org%2F2000%2Fsvg&#39;%20viewBox%3D&#39;0%200%20375%20375&#39;%2F%3E\" data-src=\"https:\/\/www.tourgreciaclassica.it\/2025\/wp-content\/uploads\/2024\/10\/creta-chania-lungomare-2-375x375.jpg\" data-srcset=\"https:\/\/www.tourgreciaclassica.it\/2025\/wp-content\/uploads\/2024\/10\/creta-chania-lungomare-2-375x375.jpg 375w, https:\/\/www.tourgreciaclassica.it\/2025\/wp-content\/uploads\/2024\/10\/creta-chania-lungomare-2-563x563.jpg 563w\" loading=\"eager\" style=\"--ratio: 375 \/ 375\" sizes=\"(max-width: 375px) 100vw, 375px\" alt=\"\" width=\"375\" height=\"375\"  \/><span class=\"gallery-rollover\"><\/span><\/a><\/figure><\/div><div class=\"wf-cell\" data-post-id=\"20641\" data-date=\"2023-09-27T08:39:44+00:00\" data-name=\"isola-di-spinalonga-creta\"><figure class=\"post visible\"><a href=\"https:\/\/www.tourgreciaclassica.it\/2025\/wp-content\/uploads\/2023\/09\/isola-di-spinalonga-creta.webp\" class=\"rollover dt-pswp-item layzr-bg\" data-large_image_width=\"870\" data-large_image_height=\"555\" data-dt-img-description=\"\" title=\"isola-di-spinalonga-creta\"><img decoding=\"async\" class=\"preload-me iso-lazy-load aspect\" src=\"data:image\/svg+xml,%3Csvg%20xmlns%3D&#39;http%3A%2F%2Fwww.w3.org%2F2000%2Fsvg&#39;%20viewBox%3D&#39;0%200%20375%20375&#39;%2F%3E\" data-src=\"https:\/\/www.tourgreciaclassica.it\/2025\/wp-content\/uploads\/2023\/09\/isola-di-spinalonga-creta-375x375.webp\" data-srcset=\"https:\/\/www.tourgreciaclassica.it\/2025\/wp-content\/uploads\/2023\/09\/isola-di-spinalonga-creta-375x375.webp 375w, https:\/\/www.tourgreciaclassica.it\/2025\/wp-content\/uploads\/2023\/09\/isola-di-spinalonga-creta-555x555.webp 555w\" loading=\"eager\" style=\"--ratio: 375 \/ 375\" sizes=\"(max-width: 375px) 100vw, 375px\" alt=\"isola-di-spinalonga-vista-dall-acqua-con-la-sua-fortificazione\" width=\"375\" height=\"375\"  \/><span class=\"gallery-rollover\"><\/span><\/a><\/figure><\/div><div class=\"wf-cell\" data-post-id=\"19301\" data-date=\"2023-06-11T17:32:21+00:00\" data-name=\"10. WHITE-PALACE-GRECOTEL-CRETA-TRA-I-SEI-MIGLIORI-HOTELS-DI-LUSSO\"><figure class=\"post visible\"><a href=\"https:\/\/www.tourgreciaclassica.it\/2025\/wp-content\/uploads\/2023\/06\/10.-WHITE-PALACE-GRECOTEL-CRETA-TRA-I-SEI-MIGLIORI-HOTELS-DI-LUSSO.webp\" class=\"rollover dt-pswp-item layzr-bg\" data-large_image_width=\"870\" data-large_image_height=\"555\" data-dt-img-description=\"\" title=\"10. WHITE-PALACE-GRECOTEL-CRETA-TRA-I-SEI-MIGLIORI-HOTELS-DI-LUSSO\"><img decoding=\"async\" class=\"preload-me iso-lazy-load aspect\" src=\"data:image\/svg+xml,%3Csvg%20xmlns%3D&#39;http%3A%2F%2Fwww.w3.org%2F2000%2Fsvg&#39;%20viewBox%3D&#39;0%200%20375%20375&#39;%2F%3E\" data-src=\"https:\/\/www.tourgreciaclassica.it\/2025\/wp-content\/uploads\/2023\/06\/10.-WHITE-PALACE-GRECOTEL-CRETA-TRA-I-SEI-MIGLIORI-HOTELS-DI-LUSSO-375x375.webp\" data-srcset=\"https:\/\/www.tourgreciaclassica.it\/2025\/wp-content\/uploads\/2023\/06\/10.-WHITE-PALACE-GRECOTEL-CRETA-TRA-I-SEI-MIGLIORI-HOTELS-DI-LUSSO-375x375.webp 375w, https:\/\/www.tourgreciaclassica.it\/2025\/wp-content\/uploads\/2023\/06\/10.-WHITE-PALACE-GRECOTEL-CRETA-TRA-I-SEI-MIGLIORI-HOTELS-DI-LUSSO-555x555.webp 555w\" loading=\"eager\" style=\"--ratio: 375 \/ 375\" sizes=\"(max-width: 375px) 100vw, 375px\" alt=\"una-terrazza-sulla-piscina-con-poltrone-tonde-e-dietro-tavoli-ristorante\" width=\"375\" height=\"375\"  \/><span class=\"gallery-rollover\"><\/span><\/a><\/figure><\/div><div class=\"wf-cell\" data-post-id=\"20626\" data-date=\"2023-09-26T17:45:07+00:00\" data-name=\"acquario-di-creta-foto-erofili-apartments\"><figure class=\"post visible\"><a href=\"https:\/\/www.tourgreciaclassica.it\/2025\/wp-content\/uploads\/2023\/09\/acquario-di-creta-foto-erofili-apartments.webp\" class=\"rollover dt-pswp-item layzr-bg\" data-large_image_width=\"870\" data-large_image_height=\"555\" data-dt-img-description=\"\" title=\"acquario-di-creta-foto-erofili-apartments\"><img decoding=\"async\" class=\"preload-me iso-lazy-load aspect\" src=\"data:image\/svg+xml,%3Csvg%20xmlns%3D&#39;http%3A%2F%2Fwww.w3.org%2F2000%2Fsvg&#39;%20viewBox%3D&#39;0%200%20375%20375&#39;%2F%3E\" data-src=\"https:\/\/www.tourgreciaclassica.it\/2025\/wp-content\/uploads\/2023\/09\/acquario-di-creta-foto-erofili-apartments-375x375.webp\" data-srcset=\"https:\/\/www.tourgreciaclassica.it\/2025\/wp-content\/uploads\/2023\/09\/acquario-di-creta-foto-erofili-apartments-375x375.webp 375w, https:\/\/www.tourgreciaclassica.it\/2025\/wp-content\/uploads\/2023\/09\/acquario-di-creta-foto-erofili-apartments-555x555.webp 555w\" loading=\"eager\" style=\"--ratio: 375 \/ 375\" sizes=\"(max-width: 375px) 100vw, 375px\" alt=\"due-bambini-in-ginocchio-davanti-a-una-vetrata-acquario-con-i-pesci-che-nuotano\" width=\"375\" height=\"375\"  \/><span class=\"gallery-rollover\"><\/span><\/a><\/figure><\/div><div class=\"wf-cell\" data-post-id=\"20634\" data-date=\"2023-09-27T07:36:39+00:00\" data-name=\"spinalonga-creta\"><figure class=\"post visible\"><a href=\"https:\/\/www.tourgreciaclassica.it\/2025\/wp-content\/uploads\/2023\/09\/spinalonga-creta.webp\" class=\"rollover dt-pswp-item layzr-bg\" data-large_image_width=\"576\" data-large_image_height=\"384\" data-dt-img-description=\"\" title=\"spinalonga-creta\"><img decoding=\"async\" class=\"preload-me iso-lazy-load aspect\" src=\"data:image\/svg+xml,%3Csvg%20xmlns%3D&#39;http%3A%2F%2Fwww.w3.org%2F2000%2Fsvg&#39;%20viewBox%3D&#39;0%200%20375%20375&#39;%2F%3E\" data-src=\"https:\/\/www.tourgreciaclassica.it\/2025\/wp-content\/uploads\/2023\/09\/spinalonga-creta-375x375.webp\" data-srcset=\"https:\/\/www.tourgreciaclassica.it\/2025\/wp-content\/uploads\/2023\/09\/spinalonga-creta-375x375.webp 375w, https:\/\/www.tourgreciaclassica.it\/2025\/wp-content\/uploads\/2023\/09\/spinalonga-creta-384x384.webp 384w\" loading=\"eager\" style=\"--ratio: 375 \/ 375\" sizes=\"(max-width: 375px) 100vw, 375px\" alt=\"isola-di-spinalonga-vista-dall-alto\" width=\"375\" height=\"375\"  \/><span class=\"gallery-rollover\"><\/span><\/a><\/figure><\/div><\/div><!-- iso-container|iso-grid --><\/div>[\/vc_column][\/vc_row][vc_row full_width=&#8221;stretch_row&#8221; css=&#8221;.vc_custom_1605527536223{padding-bottom: 10px !important;}&#8221;][vc_column css=&#8221;.vc_custom_1728548512980{margin-bottom: -30px !important;padding-top: 35px !important;}&#8221;][vc_column_text el_class=&#8221;fs-28 fs-normal&#8221;]<\/p>\n<h2 style=\"text-align: center;\">Scopri di pi\u00f9 su Creta sul nostro Blog<\/h2>\n<p>[\/vc_column_text][vc_empty_space]<style type=\"text\/css\" data-type=\"the7_shortcodes-inline-css\">.blog-shortcode.blog-masonry-shortcode-id-947064fec5c27d637ecf334d0b316047.dividers-on.classic-layout-list article {\n  padding-top: 0;\n}\n.blog-shortcode.blog-masonry-shortcode-id-947064fec5c27d637ecf334d0b316047.dividers-on.classic-layout-list article:first-of-type {\n  margin-top: 0;\n  padding-top: 0;\n}\n.blog-shortcode.blog-masonry-shortcode-id-947064fec5c27d637ecf334d0b316047.classic-layout-list.mode-list .post-entry-content {\n  width: calc(100% - );\n}\n.blog-shortcode.blog-masonry-shortcode-id-947064fec5c27d637ecf334d0b316047.classic-layout-list.mode-list .no-img .post-entry-content {\n  width: 100%;\n}\n.blog-shortcode.blog-masonry-shortcode-id-947064fec5c27d637ecf334d0b316047 .filter-bg-decoration .filter-categories a.act {\n  color: #fff;\n}\n.blog-shortcode.blog-masonry-shortcode-id-947064fec5c27d637ecf334d0b316047:not(.mode-masonry) article:first-of-type,\n.blog-shortcode.blog-masonry-shortcode-id-947064fec5c27d637ecf334d0b316047:not(.mode-masonry) article.visible.first:not(.product) {\n  margin-top: 0;\n}\n.blog-shortcode.blog-masonry-shortcode-id-947064fec5c27d637ecf334d0b316047.dividers-on:not(.mode-masonry) article {\n  margin-top: 0;\n}\n.blog-shortcode.blog-masonry-shortcode-id-947064fec5c27d637ecf334d0b316047.dividers-on:not(.mode-masonry) article:first-of-type,\n.blog-shortcode.blog-masonry-shortcode-id-947064fec5c27d637ecf334d0b316047.dividers-on:not(.mode-masonry) article.visible.first:not(.product) {\n  margin-top: 0;\n  padding-top: 0;\n}\n.blog-shortcode.blog-masonry-shortcode-id-947064fec5c27d637ecf334d0b316047 .post-thumbnail-wrap {\n  padding: 0px 0px 0px 0px;\n}\n.blog-shortcode.blog-masonry-shortcode-id-947064fec5c27d637ecf334d0b316047.enable-bg-rollover .post-thumbnail-rollover:after {\n  background: -webkit-linear-gradient();\n  background: linear-gradient();\n}\n.blog-shortcode.blog-masonry-shortcode-id-947064fec5c27d637ecf334d0b316047 .gallery-zoom-ico {\n  width: 44px;\n  height: 44px;\n  line-height: 44px;\n  border-radius: 100px;\n  margin: -22px 0 0 -22px;\n  border-width: 0px;\n  color: #ffffff;\n}\n.bottom-overlap-layout-list.blog-shortcode.blog-masonry-shortcode-id-947064fec5c27d637ecf334d0b316047 .gallery-zoom-ico {\n  margin-top: -72px;\n}\n.gradient-overlay-layout-list.blog-shortcode.blog-masonry-shortcode-id-947064fec5c27d637ecf334d0b316047 .gallery-zoom-ico,\n.content-rollover-layout-list.blog-shortcode.blog-masonry-shortcode-id-947064fec5c27d637ecf334d0b316047 .gallery-zoom-ico {\n  margin: 0 0 10px;\n}\n.content-align-center.gradient-overlay-layout-list.blog-shortcode.blog-masonry-shortcode-id-947064fec5c27d637ecf334d0b316047 .gallery-zoom-ico,\n.content-align-center.content-rollover-layout-list.blog-shortcode.blog-masonry-shortcode-id-947064fec5c27d637ecf334d0b316047 .gallery-zoom-ico {\n  margin: 0 auto 10px;\n}\n.dt-icon-bg-on.blog-shortcode.blog-masonry-shortcode-id-947064fec5c27d637ecf334d0b316047 .gallery-zoom-ico {\n  background: rgba(255,255,255,0.3);\n  box-shadow: none;\n}\n.blog-shortcode.blog-masonry-shortcode-id-947064fec5c27d637ecf334d0b316047 .gallery-zoom-ico > span,\n.blog-shortcode.blog-masonry-shortcode-id-947064fec5c27d637ecf334d0b316047 .gallery-zoom-ico:before {\n  font-size: 32px;\n  line-height: 44px;\n}\n.blog-shortcode.blog-masonry-shortcode-id-947064fec5c27d637ecf334d0b316047 .gallery-zoom-ico > span,\n.blog-shortcode.blog-masonry-shortcode-id-947064fec5c27d637ecf334d0b316047 .gallery-zoom-ico:before {\n  color: #ffffff;\n}\n.blog-shortcode.blog-masonry-shortcode-id-947064fec5c27d637ecf334d0b316047 .entry-title,\n.blog-shortcode.blog-masonry-shortcode-id-947064fec5c27d637ecf334d0b316047.owl-carousel .entry-title {\n  margin-bottom: 5px;\n  font-weight: bold;\n}\n.blog-shortcode.blog-masonry-shortcode-id-947064fec5c27d637ecf334d0b316047 .entry-meta {\n  margin-bottom: 15px;\n}\n.blog-shortcode.blog-masonry-shortcode-id-947064fec5c27d637ecf334d0b316047 .portfolio-categories {\n  margin-bottom: 15px;\n}\n.blog-shortcode.blog-masonry-shortcode-id-947064fec5c27d637ecf334d0b316047 .entry-excerpt {\n  margin-bottom: 5px;\n}\n.blog-shortcode.blog-masonry-shortcode-id-947064fec5c27d637ecf334d0b316047:not(.centered-layout-list) .post-entry-content {\n  padding: 25px 30px 30px 30px;\n}\n.blog-shortcode.blog-masonry-shortcode-id-947064fec5c27d637ecf334d0b316047:not(.centered-layout-list):not(.content-bg-on):not(.mode-list) .no-img .post-entry-content {\n  padding: 0;\n}\n@media screen and (max-width: ) {\n  .blog-shortcode.blog-masonry-shortcode-id-947064fec5c27d637ecf334d0b316047 article {\n    -ms-flex-flow: column nowrap;\n    flex-flow: column nowrap;\n    margin-top: 20px;\n  }\n  .blog-shortcode.blog-masonry-shortcode-id-947064fec5c27d637ecf334d0b316047.dividers-on article {\n    border: none;\n  }\n  .blog-shortcode.blog-masonry-shortcode-id-947064fec5c27d637ecf334d0b316047.content-bg-on.centered-layout-list article {\n    padding: 0;\n  }\n  .blog-shortcode.blog-masonry-shortcode-id-947064fec5c27d637ecf334d0b316047.blog-shortcode.dividers-on article,\n  .blog-shortcode.blog-masonry-shortcode-id-947064fec5c27d637ecf334d0b316047.dividers-on.classic-layout-list article {\n    margin-top: 20px;\n    padding: 0;\n  }\n  .blog-shortcode.blog-masonry-shortcode-id-947064fec5c27d637ecf334d0b316047.blog-shortcode.dividers-on article:first-of-type,\n  .blog-shortcode.blog-masonry-shortcode-id-947064fec5c27d637ecf334d0b316047.dividers-on.classic-layout-list article:first-of-type {\n    padding: 0;\n  }\n  #page .blog-shortcode.blog-masonry-shortcode-id-947064fec5c27d637ecf334d0b316047 .post-thumbnail-wrap,\n  #page .blog-shortcode.blog-masonry-shortcode-id-947064fec5c27d637ecf334d0b316047 .post-entry-content {\n    width: 100%;\n    margin: 0;\n    top: 0;\n  }\n  #page .blog-shortcode.blog-masonry-shortcode-id-947064fec5c27d637ecf334d0b316047 .post-thumbnail-wrap {\n    padding: 0;\n  }\n  #page .blog-shortcode.blog-masonry-shortcode-id-947064fec5c27d637ecf334d0b316047 .post-entry-content:after {\n    display: none;\n  }\n  #page .blog-shortcode.blog-masonry-shortcode-id-947064fec5c27d637ecf334d0b316047 .project-even .post-thumbnail-wrap,\n  #page .blog-shortcode.blog-masonry-shortcode-id-947064fec5c27d637ecf334d0b316047.centered-layout-list .post-thumbnail-wrap {\n    -ms-flex-order: 0;\n    order: 0;\n  }\n  #page .blog-shortcode.blog-masonry-shortcode-id-947064fec5c27d637ecf334d0b316047.centered-layout-list .post-entry-title-content {\n    -ms-flex-order: 1;\n    order: 1;\n    width: 100%;\n    padding: 20px 20px 0;\n  }\n  #page .blog-shortcode.blog-masonry-shortcode-id-947064fec5c27d637ecf334d0b316047.centered-layout-list .post-entry-content {\n    -ms-flex-order: 2;\n    order: 2;\n    padding-top: 0;\n  }\n  #page .blog-shortcode.blog-masonry-shortcode-id-947064fec5c27d637ecf334d0b316047 .fancy-categories {\n    top: 10px;\n    left: 10px;\n    bottom: auto;\n    right: auto;\n  }\n  #page .blog-shortcode.blog-masonry-shortcode-id-947064fec5c27d637ecf334d0b316047 .fancy-date a {\n    top: 10px;\n    right: 10px;\n    left: auto;\n    bottom: auto;\n  }\n  #page .blog-shortcode.blog-masonry-shortcode-id-947064fec5c27d637ecf334d0b316047 .post-entry-content {\n    padding: 20px;\n  }\n  #page .blog-shortcode.blog-masonry-shortcode-id-947064fec5c27d637ecf334d0b316047 .entry-title {\n    margin: 3px 0 5px;\n    font-size: 20px;\n    line-height: 26px;\n  }\n  #page .blog-shortcode.blog-masonry-shortcode-id-947064fec5c27d637ecf334d0b316047 .entry-meta {\n    margin: 5px 0 5px;\n  }\n  #page .blog-shortcode.blog-masonry-shortcode-id-947064fec5c27d637ecf334d0b316047 .entry-excerpt {\n    margin: 15px 0 0;\n  }\n  #page .blog-shortcode.blog-masonry-shortcode-id-947064fec5c27d637ecf334d0b316047 .post-details {\n    margin: 5px 0 10px;\n  }\n  #page .blog-shortcode.blog-masonry-shortcode-id-947064fec5c27d637ecf334d0b316047 .post-details.details-type-link {\n    margin-bottom: 2px;\n  }\n}\n.blog-shortcode.blog-masonry-shortcode-id-947064fec5c27d637ecf334d0b316047:not(.resize-by-browser-width) .dt-css-grid {\n  grid-row-gap: 30px;\n  grid-column-gap: 30px;\n  grid-template-columns: repeat(auto-fill,minmax(,1fr));\n}\n.blog-shortcode.blog-masonry-shortcode-id-947064fec5c27d637ecf334d0b316047:not(.resize-by-browser-width) .dt-css-grid .double-width {\n  grid-column: span 2;\n}\n.cssgridlegacy.no-cssgrid .blog-shortcode.blog-masonry-shortcode-id-947064fec5c27d637ecf334d0b316047:not(.resize-by-browser-width) .dt-css-grid,\n.no-cssgridlegacy.no-cssgrid .blog-shortcode.blog-masonry-shortcode-id-947064fec5c27d637ecf334d0b316047:not(.resize-by-browser-width) .dt-css-grid {\n  display: flex;\n  flex-flow: row wrap;\n  margin: -15px;\n}\n.cssgridlegacy.no-cssgrid .blog-shortcode.blog-masonry-shortcode-id-947064fec5c27d637ecf334d0b316047:not(.resize-by-browser-width) .dt-css-grid .wf-cell,\n.no-cssgridlegacy.no-cssgrid .blog-shortcode.blog-masonry-shortcode-id-947064fec5c27d637ecf334d0b316047:not(.resize-by-browser-width) .dt-css-grid .wf-cell {\n  flex: 1 0 ;\n  max-width: 100%;\n  padding: 15px;\n  box-sizing: border-box;\n}\n.blog-shortcode.blog-masonry-shortcode-id-947064fec5c27d637ecf334d0b316047.resize-by-browser-width .dt-css-grid {\n  grid-template-columns: repeat(4,1fr);\n  grid-template-rows: auto;\n  grid-column-gap: 30px;\n  grid-row-gap: 30px;\n}\n.blog-shortcode.blog-masonry-shortcode-id-947064fec5c27d637ecf334d0b316047.resize-by-browser-width .dt-css-grid .double-width {\n  grid-column: span 2;\n}\n.cssgridlegacy.no-cssgrid .blog-shortcode.blog-masonry-shortcode-id-947064fec5c27d637ecf334d0b316047.resize-by-browser-width .dt-css-grid {\n  margin: -15px;\n}\n.cssgridlegacy.no-cssgrid .blog-shortcode.blog-masonry-shortcode-id-947064fec5c27d637ecf334d0b316047.resize-by-browser-width .dt-css-grid .wf-cell {\n  width: 25%;\n  padding: 15px;\n}\n.cssgridlegacy.no-cssgrid .blog-shortcode.blog-masonry-shortcode-id-947064fec5c27d637ecf334d0b316047.resize-by-browser-width .dt-css-grid .wf-cell.double-width {\n  width: calc(25%) * 2;\n}\n.blog-shortcode.blog-masonry-shortcode-id-947064fec5c27d637ecf334d0b316047.resize-by-browser-width:not(.centered-layout-list):not(.content-bg-on) .dt-css-grid {\n  grid-row-gap: 0px;\n}\n@media screen and (max-width: 1199px) {\n  .blog-shortcode.blog-masonry-shortcode-id-947064fec5c27d637ecf334d0b316047.resize-by-browser-width .dt-css-grid {\n    grid-template-columns: repeat(3,1fr);\n  }\n  .cssgridlegacy.no-cssgrid .blog-shortcode.blog-masonry-shortcode-id-947064fec5c27d637ecf334d0b316047.resize-by-browser-width .dt-css-grid .wf-cell,\n  .no-cssgridlegacy.no-cssgrid .blog-shortcode.blog-masonry-shortcode-id-947064fec5c27d637ecf334d0b316047.resize-by-browser-width .dt-css-grid .wf-cell {\n    width: 33.333333333333%;\n  }\n  .cssgridlegacy.no-cssgrid .blog-shortcode.blog-masonry-shortcode-id-947064fec5c27d637ecf334d0b316047.resize-by-browser-width .dt-css-grid .wf-cell.double-width,\n  .no-cssgridlegacy.no-cssgrid .blog-shortcode.blog-masonry-shortcode-id-947064fec5c27d637ecf334d0b316047.resize-by-browser-width .dt-css-grid .wf-cell.double-width {\n    width: calc(33.333333333333%)*2;\n  }\n}\n@media screen and (max-width: 991px) {\n  .blog-shortcode.blog-masonry-shortcode-id-947064fec5c27d637ecf334d0b316047.resize-by-browser-width .dt-css-grid {\n    grid-template-columns: repeat(2,1fr);\n  }\n  .cssgridlegacy.no-cssgrid .blog-shortcode.blog-masonry-shortcode-id-947064fec5c27d637ecf334d0b316047.resize-by-browser-width .dt-css-grid .wf-cell,\n  .no-cssgridlegacy.no-cssgrid .blog-shortcode.blog-masonry-shortcode-id-947064fec5c27d637ecf334d0b316047.resize-by-browser-width .dt-css-grid .wf-cell {\n    width: 50%;\n  }\n  .cssgridlegacy.no-cssgrid .blog-shortcode.blog-masonry-shortcode-id-947064fec5c27d637ecf334d0b316047.resize-by-browser-width .dt-css-grid .wf-cell.double-width,\n  .no-cssgridlegacy.no-cssgrid .blog-shortcode.blog-masonry-shortcode-id-947064fec5c27d637ecf334d0b316047.resize-by-browser-width .dt-css-grid .wf-cell.double-width {\n    width: calc(50%)*2;\n  }\n}\n@media screen and (max-width: 767px) {\n  .blog-shortcode.blog-masonry-shortcode-id-947064fec5c27d637ecf334d0b316047.resize-by-browser-width .dt-css-grid {\n    grid-template-columns: repeat(1,1fr);\n  }\n  .blog-shortcode.blog-masonry-shortcode-id-947064fec5c27d637ecf334d0b316047.resize-by-browser-width .dt-css-grid .double-width {\n    grid-column: span 1;\n  }\n  .cssgridlegacy.no-cssgrid .blog-shortcode.blog-masonry-shortcode-id-947064fec5c27d637ecf334d0b316047.resize-by-browser-width .dt-css-grid .wf-cell,\n  .no-cssgridlegacy.no-cssgrid .blog-shortcode.blog-masonry-shortcode-id-947064fec5c27d637ecf334d0b316047.resize-by-browser-width .dt-css-grid .wf-cell {\n    width: 100%;\n  }\n  .cssgridlegacy.no-cssgrid .blog-shortcode.blog-masonry-shortcode-id-947064fec5c27d637ecf334d0b316047.resize-by-browser-width .dt-css-grid .wf-cell.double-width,\n  .no-cssgridlegacy.no-cssgrid .blog-shortcode.blog-masonry-shortcode-id-947064fec5c27d637ecf334d0b316047.resize-by-browser-width .dt-css-grid .wf-cell.double-width {\n    width: calc(100%)*2;\n  }\n}\n<\/style><div class=\"blog-shortcode blog-masonry-shortcode-id-947064fec5c27d637ecf334d0b316047 mode-grid classic-layout-list content-bg-on jquery-filter scale-img dt-css-grid-wrap dt-icon-bg-off resize-by-browser-width loading-effect-none description-under-image \" data-padding=\"15px\" data-cur-page=\"1\" data-post-limit=\"-1\" data-pagination-mode=\"none\" data-desktop-columns-num=\"4\" data-v-tablet-columns-num=\"2\" data-h-tablet-columns-num=\"3\" data-phone-columns-num=\"1\" data-width=\"0px\" data-columns=\"0\"><div class=\"dt-css-grid\" ><div class=\"visible wf-cell\" data-post-id=\"20622\" data-date=\"2023-09-27T09:02:28+00:00\" data-name=\"Ottobre a Creta: l\u2019autunno caldo sull\u2019isola greca\"><article class=\"post project-odd visible post-20622 type-post status-publish format-standard has-post-thumbnail hentry category-blog category-creta category-121 category-934\" data-name=\"Ottobre a Creta: l\u2019autunno caldo sull\u2019isola greca\" data-date=\"2023-09-27T09:02:28+00:00\">\n\n<div class=\"post-thumbnail-wrap\">\n\t<div class=\"post-thumbnail\">\n\t\t\n\t\t\n\t\t<a href=\"https:\/\/www.tourgreciaclassica.it\/2025\/ottobre-a-creta-l-autunno-caldo-sull-isola-greca\/\" class=\"post-thumbnail-rollover layzr-bg layzr-bg\" ><img decoding=\"async\" class=\"iso-lazy-load preload-me iso-lazy-load aspect\" src=\"data:image\/svg+xml,%3Csvg%20xmlns%3D&#39;http%3A%2F%2Fwww.w3.org%2F2000%2Fsvg&#39;%20viewBox%3D&#39;0%200%20768%20512&#39;%2F%3E\" data-src=\"https:\/\/www.tourgreciaclassica.it\/2025\/wp-content\/uploads\/2023\/09\/creta-a-ottobre-mare-768x512.webp\" data-srcset=\"https:\/\/www.tourgreciaclassica.it\/2025\/wp-content\/uploads\/2023\/09\/creta-a-ottobre-mare-768x512.webp 768w, https:\/\/www.tourgreciaclassica.it\/2025\/wp-content\/uploads\/2023\/09\/creta-a-ottobre-mare-1152x768.webp 1152w\" loading=\"eager\" style=\"--ratio: 768 \/ 512\" sizes=\"(max-width: 768px) 100vw, 768px\" alt=\"mare-di-creta-qualche-ciuffo-d-erba-in-primo-piano-e-dietro-il-mare-azzurro\" title=\"creta-a-ottobre-mare\" width=\"768\" height=\"512\"  \/><\/a>\t<\/div>\n<\/div>\n\n\n<div class=\"post-entry-content\">\n\n\t<h3 class=\"entry-title\">\n\t\t<a href=\"https:\/\/www.tourgreciaclassica.it\/2025\/ottobre-a-creta-l-autunno-caldo-sull-isola-greca\/\" title=\"Ottobre a Creta: l\u2019autunno caldo sull\u2019isola greca\" rel=\"bookmark\">Ottobre a Creta: l\u2019autunno caldo sull\u2019isola greca<\/a>\n\t<\/h3>\n\n\t<div class=\"entry-meta\"><span class=\"category-link\"><a href=\"https:\/\/www.tourgreciaclassica.it\/2025\/blog\/\" >Blog di tourgreciaclassica Racconti di viaggio<\/a>, <a href=\"https:\/\/www.tourgreciaclassica.it\/2025\/creta\/\" >Creta<\/a><\/span><\/div>\n\t<div class=\"entry-excerpt\"><p>Ottobre a Creta: Heraklion e dintorni, cose da vedere, citt\u00e0 da scoprire, come Hersonissos, e poi siti come Knossos e&hellip;<\/p>\n<\/div>\n\t\n<a href=\"https:\/\/www.tourgreciaclassica.it\/2025\/ottobre-a-creta-l-autunno-caldo-sull-isola-greca\/\" class=\"post-details details-type-link\" aria-label=\"Ulteriori informazioni su Ottobre a Creta: l\u2019autunno caldo sull\u2019isola greca\">Read more<i class=\"dt-icon-the7-arrow-03\" aria-hidden=\"true\"><\/i><\/a>\n\n<\/div><\/article><\/div><div class=\"visible wf-cell\" data-post-id=\"20191\" data-date=\"2023-08-23T11:32:33+00:00\" data-name=\"Island Hopping a Settembre e Ottobre in Grecia\"><article class=\"post project-odd visible post-20191 type-post status-publish format-standard has-post-thumbnail hentry category-blog category-creta category-grecia category-isole-della-grecia category-kos category-matrimoni-in-grecia category-mykonos category-piccole-cicladi category-santorini category-skiathos category-sporadi category-zante category-121 category-934 category-123 category-937 category-936 category-927 category-935 category-932 category-497 category-931 category-933 category-929\" data-name=\"Island Hopping a Settembre e Ottobre in Grecia\" data-date=\"2023-08-23T11:32:33+00:00\">\n\n<div class=\"post-thumbnail-wrap\">\n\t<div class=\"post-thumbnail\">\n\t\t\n\t\t\n\t\t<a href=\"https:\/\/www.tourgreciaclassica.it\/2025\/island-hopping-a-settembre-e-ottobre-in-grecia\/\" class=\"post-thumbnail-rollover layzr-bg layzr-bg\" ><img decoding=\"async\" class=\"iso-lazy-load preload-me iso-lazy-load aspect\" src=\"data:image\/svg+xml,%3Csvg%20xmlns%3D&#39;http%3A%2F%2Fwww.w3.org%2F2000%2Fsvg&#39;%20viewBox%3D&#39;0%200%20768%20512&#39;%2F%3E\" data-src=\"https:\/\/www.tourgreciaclassica.it\/2025\/wp-content\/uploads\/2023\/08\/HOP-HOP-HOP-ISLAND-HOPPING-A-SETTEMBRE-E-OTTOBRE-IN-GRECIA-SULLE-ISOLE-768x512.webp\" data-srcset=\"https:\/\/www.tourgreciaclassica.it\/2025\/wp-content\/uploads\/2023\/08\/HOP-HOP-HOP-ISLAND-HOPPING-A-SETTEMBRE-E-OTTOBRE-IN-GRECIA-SULLE-ISOLE-768x512.webp 768w, https:\/\/www.tourgreciaclassica.it\/2025\/wp-content\/uploads\/2023\/08\/HOP-HOP-HOP-ISLAND-HOPPING-A-SETTEMBRE-E-OTTOBRE-IN-GRECIA-SULLE-ISOLE-832x555.webp 832w\" loading=\"eager\" style=\"--ratio: 768 \/ 512\" sizes=\"(max-width: 768px) 100vw, 768px\" alt=\"cartolina-di-una-spiaggia-greca-per-fare-hop-hop-hop-island-hopping-a-settembre-e-ottobre\" title=\"HOP-HOP-HOP-ISLAND-HOPPING-A-SETTEMBRE-E-OTTOBRE-IN-GRECIA-SULLE-ISOLE\" width=\"768\" height=\"512\"  \/><\/a>\t<\/div>\n<\/div>\n\n\n<div class=\"post-entry-content\">\n\n\t<h3 class=\"entry-title\">\n\t\t<a href=\"https:\/\/www.tourgreciaclassica.it\/2025\/island-hopping-a-settembre-e-ottobre-in-grecia\/\" title=\"Island Hopping a Settembre e Ottobre in Grecia\" rel=\"bookmark\">Island Hopping a Settembre e Ottobre in Grecia<\/a>\n\t<\/h3>\n\n\t<div class=\"entry-meta\"><span class=\"category-link\"><a href=\"https:\/\/www.tourgreciaclassica.it\/2025\/blog\/\" >Blog di tourgreciaclassica Racconti di viaggio<\/a>, <a href=\"https:\/\/www.tourgreciaclassica.it\/2025\/creta\/\" >Creta<\/a>, <a href=\"https:\/\/www.tourgreciaclassica.it\/2025\/grecia\/\" >Grecia<\/a>, <a href=\"https:\/\/www.tourgreciaclassica.it\/2025\/isole-della-grecia\/\" >Isole della Grecia<\/a>, <a href=\"https:\/\/www.tourgreciaclassica.it\/2025\/kos\/\" >Kos<\/a>, <a href=\"https:\/\/www.tourgreciaclassica.it\/2025\/matrimoni-in-grecia\/\" >Matrimoni in Grecia<\/a>, <a href=\"https:\/\/www.tourgreciaclassica.it\/2025\/mykonos\/\" >Mykonos<\/a>, <a href=\"https:\/\/www.tourgreciaclassica.it\/2025\/piccole-cicladi\/\" >Piccole Cicladi<\/a>, <a href=\"https:\/\/www.tourgreciaclassica.it\/2025\/santorini\/\" >Santorini<\/a>, <a href=\"https:\/\/www.tourgreciaclassica.it\/2025\/skiathos\/\" >Skiathos<\/a>, <a href=\"https:\/\/www.tourgreciaclassica.it\/2025\/sporadi\/\" >Sporadi<\/a>, <a href=\"https:\/\/www.tourgreciaclassica.it\/2025\/zante\/\" >Zante<\/a><\/span><\/div>\n\t<div class=\"entry-excerpt\"><p>Cos\u2019\u00e8 l\u2019Island Hopping? L\u2019Island Hopping \u00e8 ormai uno stile di vita. Una vacanza alternativa, in movimento, che fa divertire. E,&hellip;<\/p>\n<\/div>\n\t\n<a href=\"https:\/\/www.tourgreciaclassica.it\/2025\/island-hopping-a-settembre-e-ottobre-in-grecia\/\" class=\"post-details details-type-link\" aria-label=\"Ulteriori informazioni su Island Hopping a Settembre e Ottobre in Grecia\">Read more<i class=\"dt-icon-the7-arrow-03\" aria-hidden=\"true\"><\/i><\/a>\n\n<\/div><\/article><\/div><div class=\"visible wf-cell\" data-post-id=\"19602\" data-date=\"2023-07-06T11:25:09+00:00\" data-name=\"Isola di Kimolos: Il paradiso ritrovato\u00a0\"><article class=\"post project-odd visible post-19602 type-post status-publish format-standard has-post-thumbnail hentry category-blog category-creta category-isole-della-grecia category-121 category-934 category-937\" data-name=\"Isola di Kimolos: Il paradiso ritrovato\u00a0\" data-date=\"2023-07-06T11:25:09+00:00\">\n\n<div class=\"post-thumbnail-wrap\">\n\t<div class=\"post-thumbnail\">\n\t\t\n\t\t\n\t\t<a href=\"https:\/\/www.tourgreciaclassica.it\/2025\/isola-di-kimolos-il-paradiso-ritrovato\/\" class=\"post-thumbnail-rollover layzr-bg layzr-bg\" ><img decoding=\"async\" class=\"iso-lazy-load preload-me iso-lazy-load aspect\" src=\"data:image\/svg+xml,%3Csvg%20xmlns%3D&#39;http%3A%2F%2Fwww.w3.org%2F2000%2Fsvg&#39;%20viewBox%3D&#39;0%200%20768%20512&#39;%2F%3E\" data-src=\"https:\/\/www.tourgreciaclassica.it\/2025\/wp-content\/uploads\/2023\/07\/dal-mulino-a-vento-aria-hotel-foto-di-cinzia-demuru-768x512.webp\" data-srcset=\"https:\/\/www.tourgreciaclassica.it\/2025\/wp-content\/uploads\/2023\/07\/dal-mulino-a-vento-aria-hotel-foto-di-cinzia-demuru-768x512.webp 768w, https:\/\/www.tourgreciaclassica.it\/2025\/wp-content\/uploads\/2023\/07\/dal-mulino-a-vento-aria-hotel-foto-di-cinzia-demuru-832x555.webp 832w\" loading=\"eager\" style=\"--ratio: 768 \/ 512\" sizes=\"(max-width: 768px) 100vw, 768px\" alt=\"dalla-terrazza-di-un-mulino-a-vento-di-fianco-si-vede-il-mare-e-una-nave-che-lo-naviga\" title=\"dal-mulino-a-vento-aria-hotel-foto-di-cinzia-demuru\" width=\"768\" height=\"512\"  \/><\/a>\t<\/div>\n<\/div>\n\n\n<div class=\"post-entry-content\">\n\n\t<h3 class=\"entry-title\">\n\t\t<a href=\"https:\/\/www.tourgreciaclassica.it\/2025\/isola-di-kimolos-il-paradiso-ritrovato\/\" title=\"Isola di Kimolos: Il paradiso ritrovato\u00a0\" rel=\"bookmark\">Isola di Kimolos: Il paradiso ritrovato\u00a0<\/a>\n\t<\/h3>\n\n\t<div class=\"entry-meta\"><span class=\"category-link\"><a href=\"https:\/\/www.tourgreciaclassica.it\/2025\/blog\/\" >Blog di tourgreciaclassica Racconti di viaggio<\/a>, <a href=\"https:\/\/www.tourgreciaclassica.it\/2025\/creta\/\" >Creta<\/a>, <a href=\"https:\/\/www.tourgreciaclassica.it\/2025\/isole-della-grecia\/\" >Isole della Grecia<\/a><\/span><\/div>\n\t<div class=\"entry-excerpt\"><p>Alla scoperta delle spiagge incontaminate di Kimolos e delle acque cristalline L\u2019isola di Kimolos fa parte dell\u2019Arcipelago delle Cicladi e&hellip;<\/p>\n<\/div>\n\t\n<a href=\"https:\/\/www.tourgreciaclassica.it\/2025\/isola-di-kimolos-il-paradiso-ritrovato\/\" class=\"post-details details-type-link\" aria-label=\"Ulteriori informazioni su Isola di Kimolos: Il paradiso ritrovato\u00a0\">Read more<i class=\"dt-icon-the7-arrow-03\" aria-hidden=\"true\"><\/i><\/a>\n\n<\/div><\/article><\/div><div class=\"visible wf-cell\" data-post-id=\"18655\" data-date=\"2023-03-15T18:04:13+00:00\" data-name=\"Scopri un nuovo stile di ospitalit\u00e0 con Grecotel LUXME\"><article class=\"post project-odd visible post-18655 type-post status-publish format-standard has-post-thumbnail hentry category-blog category-corfu category-creta category-grecia category-isole-della-grecia category-kos category-121 category-930 category-934 category-123 category-937 category-936\" data-name=\"Scopri un nuovo stile di ospitalit\u00e0 con Grecotel LUXME\" data-date=\"2023-03-15T18:04:13+00:00\">\n\n<div class=\"post-thumbnail-wrap\">\n\t<div class=\"post-thumbnail\">\n\t\t\n\t\t\n\t\t<a href=\"https:\/\/www.tourgreciaclassica.it\/2025\/scopri-un-nuovo-stile-di-ospitalita-con-grecotel-luxme\/\" class=\"post-thumbnail-rollover layzr-bg layzr-bg\" ><img decoding=\"async\" class=\"iso-lazy-load preload-me iso-lazy-load aspect\" src=\"data:image\/svg+xml,%3Csvg%20xmlns%3D&#39;http%3A%2F%2Fwww.w3.org%2F2000%2Fsvg&#39;%20viewBox%3D&#39;0%200%20768%20512&#39;%2F%3E\" data-src=\"https:\/\/www.tourgreciaclassica.it\/2025\/wp-content\/uploads\/2023\/03\/Grecotel-luxme-Olympia-Oasis-Pool-768x512.jpg\" data-srcset=\"https:\/\/www.tourgreciaclassica.it\/2025\/wp-content\/uploads\/2023\/03\/Grecotel-luxme-Olympia-Oasis-Pool-768x512.jpg 768w, https:\/\/www.tourgreciaclassica.it\/2025\/wp-content\/uploads\/2023\/03\/Grecotel-luxme-Olympia-Oasis-Pool-1152x768.jpg 1152w\" loading=\"eager\" style=\"--ratio: 768 \/ 512\" sizes=\"(max-width: 768px) 100vw, 768px\" alt=\"grecotel luxme olympia oasis\" title=\"Grecotel-luxme-Olympia-Oasis-Pool\" width=\"768\" height=\"512\"  \/><\/a>\t<\/div>\n<\/div>\n\n\n<div class=\"post-entry-content\">\n\n\t<h3 class=\"entry-title\">\n\t\t<a href=\"https:\/\/www.tourgreciaclassica.it\/2025\/scopri-un-nuovo-stile-di-ospitalita-con-grecotel-luxme\/\" title=\"Scopri un nuovo stile di ospitalit\u00e0 con Grecotel LUXME\" rel=\"bookmark\">Scopri un nuovo stile di ospitalit\u00e0 con Grecotel LUXME<\/a>\n\t<\/h3>\n\n\t<div class=\"entry-meta\"><span class=\"category-link\"><a href=\"https:\/\/www.tourgreciaclassica.it\/2025\/blog\/\" >Blog di tourgreciaclassica Racconti di viaggio<\/a>, <a href=\"https:\/\/www.tourgreciaclassica.it\/2025\/corfu\/\" >Corf\u00f9<\/a>, <a href=\"https:\/\/www.tourgreciaclassica.it\/2025\/creta\/\" >Creta<\/a>, <a href=\"https:\/\/www.tourgreciaclassica.it\/2025\/grecia\/\" >Grecia<\/a>, <a href=\"https:\/\/www.tourgreciaclassica.it\/2025\/isole-della-grecia\/\" >Isole della Grecia<\/a>, <a href=\"https:\/\/www.tourgreciaclassica.it\/2025\/kos\/\" >Kos<\/a><\/span><\/div>\n\t<div class=\"entry-excerpt\"><p>Hotel e Resort Grecotel la nuova ospitalit\u00e0 LUXME Dalle fughe in citt\u00e0 ai boutique resort sulla spiaggia, gli hotel Grecotel&hellip;<\/p>\n<\/div>\n\t\n<a href=\"https:\/\/www.tourgreciaclassica.it\/2025\/scopri-un-nuovo-stile-di-ospitalita-con-grecotel-luxme\/\" class=\"post-details details-type-link\" aria-label=\"Ulteriori informazioni su Scopri un nuovo stile di ospitalit\u00e0 con Grecotel LUXME\">Read more<i class=\"dt-icon-the7-arrow-03\" aria-hidden=\"true\"><\/i><\/a>\n\n<\/div><\/article><\/div><div class=\"visible wf-cell\" data-post-id=\"16938\" data-date=\"2022-06-17T13:43:33+00:00\" data-name=\"Itinerario Creta 7 giorni: scopriamo Creta\"><article class=\"post project-odd visible post-16938 type-post status-publish format-standard has-post-thumbnail hentry category-blog category-creta category-121 category-934\" data-name=\"Itinerario Creta 7 giorni: scopriamo Creta\" data-date=\"2022-06-17T13:43:33+00:00\">\n\n<div class=\"post-thumbnail-wrap\">\n\t<div class=\"post-thumbnail\">\n\t\t\n\t\t\n\t\t<a href=\"https:\/\/www.tourgreciaclassica.it\/2025\/itinerario-creta-7-giorni-scopriamo-creta\/\" class=\"post-thumbnail-rollover layzr-bg layzr-bg\" ><img decoding=\"async\" class=\"iso-lazy-load preload-me iso-lazy-load aspect\" src=\"data:image\/svg+xml,%3Csvg%20xmlns%3D&#39;http%3A%2F%2Fwww.w3.org%2F2000%2Fsvg&#39;%20viewBox%3D&#39;0%200%20768%20512&#39;%2F%3E\" data-src=\"https:\/\/www.tourgreciaclassica.it\/2025\/wp-content\/uploads\/2022\/04\/Creta-Balos-Beach-Foto-di-ERROR_420-da-Pixabay-768x512.webp\" data-srcset=\"https:\/\/www.tourgreciaclassica.it\/2025\/wp-content\/uploads\/2022\/04\/Creta-Balos-Beach-Foto-di-ERROR_420-da-Pixabay-768x512.webp 768w, https:\/\/www.tourgreciaclassica.it\/2025\/wp-content\/uploads\/2022\/04\/Creta-Balos-Beach-Foto-di-ERROR_420-da-Pixabay-800x533.webp 800w\" loading=\"eager\" style=\"--ratio: 768 \/ 512\" sizes=\"(max-width: 768px) 100vw, 768px\" alt=\"da-un-isola-all-altra-della-grecia-Creta Balos Beach Foto di ERROR_420 da Pixabay\" title=\"da-un-isola-all-altra-della-grecia-Creta Balos Beach Foto di ERROR_420 da Pixabay\" width=\"768\" height=\"512\"  \/><\/a>\t<\/div>\n<\/div>\n\n\n<div class=\"post-entry-content\">\n\n\t<h3 class=\"entry-title\">\n\t\t<a href=\"https:\/\/www.tourgreciaclassica.it\/2025\/itinerario-creta-7-giorni-scopriamo-creta\/\" title=\"Itinerario Creta 7 giorni: scopriamo Creta\" rel=\"bookmark\">Itinerario Creta 7 giorni: scopriamo Creta<\/a>\n\t<\/h3>\n\n\t<div class=\"entry-meta\"><span class=\"category-link\"><a href=\"https:\/\/www.tourgreciaclassica.it\/2025\/blog\/\" >Blog di tourgreciaclassica Racconti di viaggio<\/a>, <a href=\"https:\/\/www.tourgreciaclassica.it\/2025\/creta\/\" >Creta<\/a><\/span><\/div>\n\t<div class=\"entry-excerpt\"><p>Un itinerario a Creta di 7 giorni ritaglia per te alcune delle mete suggestive dell&#8217;isola: Chania e Retymno oppure Heraklion&hellip;<\/p>\n<\/div>\n\t\n<a href=\"https:\/\/www.tourgreciaclassica.it\/2025\/itinerario-creta-7-giorni-scopriamo-creta\/\" class=\"post-details details-type-link\" aria-label=\"Ulteriori informazioni su Itinerario Creta 7 giorni: scopriamo Creta\">Read more<i class=\"dt-icon-the7-arrow-03\" aria-hidden=\"true\"><\/i><\/a>\n\n<\/div><\/article><\/div><div class=\"visible wf-cell\" data-post-id=\"16307\" data-date=\"2022-04-15T08:27:52+00:00\" data-name=\"Dove alloggiare a Creta: prezzi e hotels migliori\"><article class=\"post project-odd visible post-16307 type-post status-publish format-standard has-post-thumbnail hentry category-blog category-creta category-121 category-934\" data-name=\"Dove alloggiare a Creta: prezzi e hotels migliori\" data-date=\"2022-04-15T08:27:52+00:00\">\n\n<div class=\"post-thumbnail-wrap\">\n\t<div class=\"post-thumbnail\">\n\t\t\n\t\t\n\t\t<a href=\"https:\/\/www.tourgreciaclassica.it\/2025\/dove-alloggiare-a-creta-prezzi-e-hotels-migliori\/\" class=\"post-thumbnail-rollover layzr-bg layzr-bg\" ><img decoding=\"async\" class=\"iso-lazy-load preload-me iso-lazy-load aspect\" src=\"data:image\/svg+xml,%3Csvg%20xmlns%3D&#39;http%3A%2F%2Fwww.w3.org%2F2000%2Fsvg&#39;%20viewBox%3D&#39;0%200%20768%20512&#39;%2F%3E\" data-src=\"https:\/\/www.tourgreciaclassica.it\/2025\/wp-content\/uploads\/2022\/04\/dove-alloggiare-a-creta-foto-di-domes-of-elounda-creta-768x512.webp\" data-srcset=\"https:\/\/www.tourgreciaclassica.it\/2025\/wp-content\/uploads\/2022\/04\/dove-alloggiare-a-creta-foto-di-domes-of-elounda-creta-768x512.webp 768w, https:\/\/www.tourgreciaclassica.it\/2025\/wp-content\/uploads\/2022\/04\/dove-alloggiare-a-creta-foto-di-domes-of-elounda-creta-1152x768.webp 1152w\" loading=\"eager\" style=\"--ratio: 768 \/ 512\" sizes=\"(max-width: 768px) 100vw, 768px\" alt=\"dove-alloggiare-a-creta-foto-di-domes-of-elounda-creta\" title=\"dove-alloggiare-a-creta-foto-di-domes-of-elounda-creta\" width=\"768\" height=\"512\"  \/><\/a>\t<\/div>\n<\/div>\n\n\n<div class=\"post-entry-content\">\n\n\t<h3 class=\"entry-title\">\n\t\t<a href=\"https:\/\/www.tourgreciaclassica.it\/2025\/dove-alloggiare-a-creta-prezzi-e-hotels-migliori\/\" title=\"Dove alloggiare a Creta: prezzi e hotels migliori\" rel=\"bookmark\">Dove alloggiare a Creta: prezzi e hotels migliori<\/a>\n\t<\/h3>\n\n\t<div class=\"entry-meta\"><span class=\"category-link\"><a href=\"https:\/\/www.tourgreciaclassica.it\/2025\/blog\/\" >Blog di tourgreciaclassica Racconti di viaggio<\/a>, <a href=\"https:\/\/www.tourgreciaclassica.it\/2025\/creta\/\" >Creta<\/a><\/span><\/div>\n\t<div class=\"entry-excerpt\"><p>Dove alloggiare a Creta? Molto dipende dalle tue abitudini, dalle tue scelte, e ovviamente anche dall&#8217;offerta turistica nei vari luoghi,&hellip;<\/p>\n<\/div>\n\t\n<a href=\"https:\/\/www.tourgreciaclassica.it\/2025\/dove-alloggiare-a-creta-prezzi-e-hotels-migliori\/\" class=\"post-details details-type-link\" aria-label=\"Ulteriori informazioni su Dove alloggiare a Creta: prezzi e hotels migliori\">Read more<i class=\"dt-icon-the7-arrow-03\" aria-hidden=\"true\"><\/i><\/a>\n\n<\/div><\/article><\/div><div class=\"visible wf-cell\" data-post-id=\"15982\" data-date=\"2022-03-24T15:36:14+00:00\" data-name=\"Creta Stella Island Resort hotel su palafitte\"><article class=\"post project-odd visible post-15982 type-post status-publish format-standard has-post-thumbnail hentry category-blog category-creta category-121 category-934\" data-name=\"Creta Stella Island Resort hotel su palafitte\" data-date=\"2022-03-24T15:36:14+00:00\">\n\n<div class=\"post-thumbnail-wrap\">\n\t<div class=\"post-thumbnail\">\n\t\t\n\t\t\n\t\t<a href=\"https:\/\/www.tourgreciaclassica.it\/2025\/creta-stella-island-resort-hotel-su-palafitte\/\" class=\"post-thumbnail-rollover layzr-bg layzr-bg\" ><img decoding=\"async\" class=\"iso-lazy-load preload-me iso-lazy-load aspect\" src=\"data:image\/svg+xml,%3Csvg%20xmlns%3D&#39;http%3A%2F%2Fwww.w3.org%2F2000%2Fsvg&#39;%20viewBox%3D&#39;0%200%20768%20512&#39;%2F%3E\" data-src=\"https:\/\/www.tourgreciaclassica.it\/2025\/wp-content\/uploads\/2022\/03\/stella-island-over-water-bungalow-768x512.png\" data-srcset=\"https:\/\/www.tourgreciaclassica.it\/2025\/wp-content\/uploads\/2022\/03\/stella-island-over-water-bungalow-768x512.png 768w, https:\/\/www.tourgreciaclassica.it\/2025\/wp-content\/uploads\/2022\/03\/stella-island-over-water-bungalow-816x544.png 816w\" loading=\"eager\" style=\"--ratio: 768 \/ 512\" sizes=\"(max-width: 768px) 100vw, 768px\" alt=\"stella island resort creta\" title=\"stella-island-over-water-bungalow\" width=\"768\" height=\"512\"  \/><\/a>\t<\/div>\n<\/div>\n\n\n<div class=\"post-entry-content\">\n\n\t<h3 class=\"entry-title\">\n\t\t<a href=\"https:\/\/www.tourgreciaclassica.it\/2025\/creta-stella-island-resort-hotel-su-palafitte\/\" title=\"Creta Stella Island Resort hotel su palafitte\" rel=\"bookmark\">Creta Stella Island Resort hotel su palafitte<\/a>\n\t<\/h3>\n\n\t<div class=\"entry-meta\"><span class=\"category-link\"><a href=\"https:\/\/www.tourgreciaclassica.it\/2025\/blog\/\" >Blog di tourgreciaclassica Racconti di viaggio<\/a>, <a href=\"https:\/\/www.tourgreciaclassica.it\/2025\/creta\/\" >Creta<\/a><\/span><\/div>\n\t<div class=\"entry-excerpt\"><p>Creta Stella Island Resort con la Piscina pi\u00f9 originale, un ambiente romantico e chic, il luogo ideale per un viaggio&hellip;<\/p>\n<\/div>\n\t\n<a href=\"https:\/\/www.tourgreciaclassica.it\/2025\/creta-stella-island-resort-hotel-su-palafitte\/\" class=\"post-details details-type-link\" aria-label=\"Ulteriori informazioni su Creta Stella Island Resort hotel su palafitte\">Read more<i class=\"dt-icon-the7-arrow-03\" aria-hidden=\"true\"><\/i><\/a>\n\n<\/div><\/article><\/div><div class=\"visible wf-cell\" data-post-id=\"15980\" data-date=\"2022-03-24T15:26:40+00:00\" data-name=\"Creta un&#039;isola tutta da scoprire\"><article class=\"post project-odd visible post-15980 type-post status-publish format-standard has-post-thumbnail hentry category-blog category-creta category-121 category-934\" data-name=\"Creta un&#8217;isola tutta da scoprire\" data-date=\"2022-03-24T15:26:40+00:00\">\n\n<div class=\"post-thumbnail-wrap\">\n\t<div class=\"post-thumbnail\">\n\t\t\n\t\t\n\t\t<a href=\"https:\/\/www.tourgreciaclassica.it\/2025\/creta-un-isola-tutta-da-scoprire\/\" class=\"post-thumbnail-rollover layzr-bg layzr-bg\" ><img decoding=\"async\" class=\"iso-lazy-load preload-me iso-lazy-load aspect\" src=\"data:image\/svg+xml,%3Csvg%20xmlns%3D&#39;http%3A%2F%2Fwww.w3.org%2F2000%2Fsvg&#39;%20viewBox%3D&#39;0%200%20768%20512&#39;%2F%3E\" data-src=\"https:\/\/www.tourgreciaclassica.it\/2025\/wp-content\/uploads\/2022\/02\/service_creta-knossos-1570_11099-870x555-1-768x512.webp\" data-srcset=\"https:\/\/www.tourgreciaclassica.it\/2025\/wp-content\/uploads\/2022\/02\/service_creta-knossos-1570_11099-870x555-1-768x512.webp 768w, https:\/\/www.tourgreciaclassica.it\/2025\/wp-content\/uploads\/2022\/02\/service_creta-knossos-1570_11099-870x555-1-870x580.webp 870w\" loading=\"eager\" style=\"--ratio: 768 \/ 512\" sizes=\"(max-width: 768px) 100vw, 768px\" alt=\"creta-palazzo-di-knossos-creta\" title=\"creta-palazzo-di-knossos-creta\" width=\"768\" height=\"512\"  \/><\/a>\t<\/div>\n<\/div>\n\n\n<div class=\"post-entry-content\">\n\n\t<h3 class=\"entry-title\">\n\t\t<a href=\"https:\/\/www.tourgreciaclassica.it\/2025\/creta-un-isola-tutta-da-scoprire\/\" title=\"Creta un&#8217;isola tutta da scoprire\" rel=\"bookmark\">Creta un&#8217;isola tutta da scoprire<\/a>\n\t<\/h3>\n\n\t<div class=\"entry-meta\"><span class=\"category-link\"><a href=\"https:\/\/www.tourgreciaclassica.it\/2025\/blog\/\" >Blog di tourgreciaclassica Racconti di viaggio<\/a>, <a href=\"https:\/\/www.tourgreciaclassica.it\/2025\/creta\/\" >Creta<\/a><\/span><\/div>\n\t<div class=\"entry-excerpt\"><p>Creta \u00e8 un&#8217;isola varia, c&#8217;\u00e8 il mare, ci sono i siti archeologici, quelli naturalistici, la notte e il giorno divertimento&hellip;<\/p>\n<\/div>\n\t\n<a href=\"https:\/\/www.tourgreciaclassica.it\/2025\/creta-un-isola-tutta-da-scoprire\/\" class=\"post-details details-type-link\" aria-label=\"Ulteriori informazioni su Creta un&#8217;isola tutta da scoprire\">Read more<i class=\"dt-icon-the7-arrow-03\" aria-hidden=\"true\"><\/i><\/a>\n\n<\/div><\/article><\/div><div class=\"visible wf-cell\" data-post-id=\"15977\" data-date=\"2022-03-24T15:21:00+00:00\" data-name=\"Ristoranti a Creta: tra taverne tra terra e mare\"><article class=\"post project-odd visible post-15977 type-post status-publish format-standard has-post-thumbnail hentry category-blog category-creta category-121 category-934\" data-name=\"Ristoranti a Creta: tra taverne tra terra e mare\" data-date=\"2022-03-24T15:21:00+00:00\">\n\n<div class=\"post-thumbnail-wrap\">\n\t<div class=\"post-thumbnail\">\n\t\t\n\t\t\n\t\t<a href=\"https:\/\/www.tourgreciaclassica.it\/2025\/ristoranti-a-creta-tra-taverne-tra-terra-e-mare\/\" class=\"post-thumbnail-rollover layzr-bg layzr-bg\" ><img decoding=\"async\" class=\"iso-lazy-load preload-me iso-lazy-load aspect\" src=\"data:image\/svg+xml,%3Csvg%20xmlns%3D&#39;http%3A%2F%2Fwww.w3.org%2F2000%2Fsvg&#39;%20viewBox%3D&#39;0%200%20768%20512&#39;%2F%3E\" data-src=\"https:\/\/www.tourgreciaclassica.it\/2025\/wp-content\/uploads\/2022\/02\/service_creta-rethymno-lungomare-1557_11084-870x555-1-768x512.webp\" data-srcset=\"https:\/\/www.tourgreciaclassica.it\/2025\/wp-content\/uploads\/2022\/02\/service_creta-rethymno-lungomare-1557_11084-870x555-1-768x512.webp 768w, https:\/\/www.tourgreciaclassica.it\/2025\/wp-content\/uploads\/2022\/02\/service_creta-rethymno-lungomare-1557_11084-870x555-1-870x580.webp 870w\" loading=\"eager\" style=\"--ratio: 768 \/ 512\" sizes=\"(max-width: 768px) 100vw, 768px\" alt=\"creta-rethymno-lungomare\" title=\"creta-rethymno-lungomare\" width=\"768\" height=\"512\"  \/><\/a>\t<\/div>\n<\/div>\n\n\n<div class=\"post-entry-content\">\n\n\t<h3 class=\"entry-title\">\n\t\t<a href=\"https:\/\/www.tourgreciaclassica.it\/2025\/ristoranti-a-creta-tra-taverne-tra-terra-e-mare\/\" title=\"Ristoranti a Creta: tra taverne tra terra e mare\" rel=\"bookmark\">Ristoranti a Creta: tra taverne tra terra e mare<\/a>\n\t<\/h3>\n\n\t<div class=\"entry-meta\"><span class=\"category-link\"><a href=\"https:\/\/www.tourgreciaclassica.it\/2025\/blog\/\" >Blog di tourgreciaclassica Racconti di viaggio<\/a>, <a href=\"https:\/\/www.tourgreciaclassica.it\/2025\/creta\/\" >Creta<\/a><\/span><\/div>\n\t<div class=\"entry-excerpt\"><p>I ristoranti a Creta offrono le specialit\u00e0 greche e cretesi, paesaggi affascinanti e viste sul mare, scopri quali abbiamo selezionato&hellip;<\/p>\n<\/div>\n\t\n<a href=\"https:\/\/www.tourgreciaclassica.it\/2025\/ristoranti-a-creta-tra-taverne-tra-terra-e-mare\/\" class=\"post-details details-type-link\" aria-label=\"Ulteriori informazioni su Ristoranti a Creta: tra taverne tra terra e mare\">Read more<i class=\"dt-icon-the7-arrow-03\" aria-hidden=\"true\"><\/i><\/a>\n\n<\/div><\/article><\/div><\/div><!-- iso-container|iso-grid --><\/div>[\/vc_column][\/vc_row]<\/p>\n<\/div>","protected":false},"excerpt":{"rendered":"<p>[vc_row full_width=&#8221;stretch_row&#8221; css=&#8221;.vc_custom_1739897878006{padding-bottom: 50px !important;}&#8221;][vc_column width=&#8221;1\/6&#8243; css=&#8221;.vc_custom_1542167696382{padding-top: 30px !important;padding-bottom: 30px !important;}&#8221;][\/vc_column][vc_column width=&#8221;2\/3&#8243;][vc_column_text css=&#8221;&#8221; el_class=&#8221;fs-28 fs-normal&#8221;] Vacanza a Creta tra mito, storia e natura Fare una Vacanza a Creta \u00e8 tra i sogni di molte persone perch\u00e9 questa isola intriga, \u00e8 affascinante, diversa da costa a costa, piena di spiagge di sabbia ma anche argillose. L\u2019argilla&hellip;<\/p>\n","protected":false},"author":1,"featured_media":27278,"parent":16462,"menu_order":0,"comment_status":"closed","ping_status":"closed","template":"","meta":{"_acf_changed":false,"footnotes":""},"class_list":["post-15965","page","type-page","status-publish","has-post-thumbnail","hentry","description-off"],"acf":[],"yoast_head":"<!-- This site is optimized with the Yoast SEO Premium plugin v24.6 (Yoast SEO v24.9) - https:\/\/yoast.com\/wordpress\/plugins\/seo\/ -->\n<title>Vacanza a Creta, volo + hotel a Creta | viaggio organizzato<\/title>\n<meta name=\"description\" content=\"Vacanza a Creta, alla scoperta della civilt\u00e0 minoica, tra natura, spiagge e paesaggi incontaminati, scopri i nostri tour o i nostri pacchetti volo + hotel a Creta\" \/>\n<meta name=\"robots\" content=\"index, follow, max-snippet:-1, max-image-preview:large, max-video-preview:-1\" \/>\n<link rel=\"canonical\" href=\"https:\/\/www.tourgreciaclassica.it\/2025\/vacanze-grecia\/vacanze-a-creta\/\" \/>\n<meta property=\"og:locale\" content=\"it_IT\" \/>\n<meta property=\"og:type\" content=\"article\" \/>\n<meta property=\"og:title\" content=\"Vacanze a Creta\" \/>\n<meta property=\"og:description\" content=\"Vacanza a Creta, alla scoperta della civilt\u00e0 minoica, tra natura, spiagge e paesaggi incontaminati, scopri i nostri tour o i nostri pacchetti volo + hotel a Creta\" \/>\n<meta property=\"og:url\" content=\"https:\/\/www.tourgreciaclassica.it\/2025\/vacanze-grecia\/vacanze-a-creta\/\" \/>\n<meta property=\"og:site_name\" content=\"Tour Grecia Classica\" \/>\n<meta property=\"article:publisher\" content=\"https:\/\/www.facebook.com\/TourGreciaclassica.it\" \/>\n<meta property=\"article:modified_time\" content=\"2025-02-18T16:59:37+00:00\" \/>\n<meta property=\"og:image\" content=\"http:\/\/www.tourgreciaclassica.it\/2025\/wp-content\/uploads\/2024\/10\/creta-chania-lungomare-2.jpg\" \/>\n\t<meta property=\"og:image:width\" content=\"1200\" \/>\n\t<meta property=\"og:image:height\" content=\"802\" \/>\n\t<meta property=\"og:image:type\" content=\"image\/jpeg\" \/>\n<meta name=\"twitter:card\" content=\"summary_large_image\" \/>\n<meta name=\"twitter:label1\" content=\"Tempo di lettura stimato\" \/>\n\t<meta name=\"twitter:data1\" content=\"13 minuti\" \/>\n<script type=\"application\/ld+json\" class=\"yoast-schema-graph\">{\"@context\":\"https:\/\/schema.org\",\"@graph\":[{\"@type\":\"WebPage\",\"@id\":\"https:\/\/www.tourgreciaclassica.it\/2025\/vacanze-grecia\/vacanze-a-creta\/\",\"url\":\"https:\/\/www.tourgreciaclassica.it\/2025\/vacanze-grecia\/vacanze-a-creta\/\",\"name\":\"Vacanza a Creta, volo + hotel a Creta | viaggio organizzato\",\"isPartOf\":{\"@id\":\"https:\/\/www.tourgreciaclassica.it\/2025\/#website\"},\"primaryImageOfPage\":{\"@id\":\"https:\/\/www.tourgreciaclassica.it\/2025\/vacanze-grecia\/vacanze-a-creta\/#primaryimage\"},\"image\":{\"@id\":\"https:\/\/www.tourgreciaclassica.it\/2025\/vacanze-grecia\/vacanze-a-creta\/#primaryimage\"},\"thumbnailUrl\":\"https:\/\/www.tourgreciaclassica.it\/2025\/wp-content\/uploads\/2024\/10\/creta-chania-lungomare-2.jpg\",\"datePublished\":\"2022-03-24T11:15:21+00:00\",\"dateModified\":\"2025-02-18T16:59:37+00:00\",\"description\":\"Vacanza a Creta, alla scoperta della civilt\u00e0 minoica, tra natura, spiagge e paesaggi incontaminati, scopri i nostri tour o i nostri pacchetti volo + hotel a Creta\",\"breadcrumb\":{\"@id\":\"https:\/\/www.tourgreciaclassica.it\/2025\/vacanze-grecia\/vacanze-a-creta\/#breadcrumb\"},\"inLanguage\":\"it-IT\",\"potentialAction\":[{\"@type\":\"ReadAction\",\"target\":[\"https:\/\/www.tourgreciaclassica.it\/2025\/vacanze-grecia\/vacanze-a-creta\/\"]}]},{\"@type\":\"ImageObject\",\"inLanguage\":\"it-IT\",\"@id\":\"https:\/\/www.tourgreciaclassica.it\/2025\/vacanze-grecia\/vacanze-a-creta\/#primaryimage\",\"url\":\"https:\/\/www.tourgreciaclassica.it\/2025\/wp-content\/uploads\/2024\/10\/creta-chania-lungomare-2.jpg\",\"contentUrl\":\"https:\/\/www.tourgreciaclassica.it\/2025\/wp-content\/uploads\/2024\/10\/creta-chania-lungomare-2.jpg\",\"width\":1200,\"height\":802},{\"@type\":\"BreadcrumbList\",\"@id\":\"https:\/\/www.tourgreciaclassica.it\/2025\/vacanze-grecia\/vacanze-a-creta\/#breadcrumb\",\"itemListElement\":[{\"@type\":\"ListItem\",\"position\":1,\"name\":\"Home\",\"item\":\"https:\/\/www.tourgreciaclassica.it\/2025\/\"},{\"@type\":\"ListItem\",\"position\":2,\"name\":\"Pacchetti vacanze Grecia 2025\",\"item\":\"https:\/\/www.tourgreciaclassica.it\/2025\/vacanze-grecia\/\"},{\"@type\":\"ListItem\",\"position\":3,\"name\":\"Vacanze a Creta\"}]},{\"@type\":\"WebSite\",\"@id\":\"https:\/\/www.tourgreciaclassica.it\/2025\/#website\",\"url\":\"https:\/\/www.tourgreciaclassica.it\/2025\/\",\"name\":\"Tour Grecia Classica\",\"description\":\"\",\"publisher\":{\"@id\":\"https:\/\/www.tourgreciaclassica.it\/2025\/#organization\"},\"potentialAction\":[{\"@type\":\"SearchAction\",\"target\":{\"@type\":\"EntryPoint\",\"urlTemplate\":\"https:\/\/www.tourgreciaclassica.it\/2025\/?s={search_term_string}\"},\"query-input\":{\"@type\":\"PropertyValueSpecification\",\"valueRequired\":true,\"valueName\":\"search_term_string\"}}],\"inLanguage\":\"it-IT\"},{\"@type\":\"Organization\",\"@id\":\"https:\/\/www.tourgreciaclassica.it\/2025\/#organization\",\"name\":\"tourgreciaclassica\",\"alternateName\":\"TGC\",\"url\":\"https:\/\/www.tourgreciaclassica.it\/2025\/\",\"logo\":{\"@type\":\"ImageObject\",\"inLanguage\":\"it-IT\",\"@id\":\"https:\/\/www.tourgreciaclassica.it\/2025\/#\/schema\/logo\/image\/\",\"url\":\"http:\/\/www.tourgreciaclassica.it\/2025\/wp-content\/uploads\/2025\/03\/logo-TGC-4-quadrato.jpg\",\"contentUrl\":\"http:\/\/www.tourgreciaclassica.it\/2025\/wp-content\/uploads\/2025\/03\/logo-TGC-4-quadrato.jpg\",\"width\":343,\"height\":343,\"caption\":\"tourgreciaclassica\"},\"image\":{\"@id\":\"https:\/\/www.tourgreciaclassica.it\/2025\/#\/schema\/logo\/image\/\"},\"sameAs\":[\"https:\/\/www.facebook.com\/TourGreciaclassica.it\",\"https:\/\/www.instagram.com\/tourgreciaclassica\/\",\"https:\/\/www.youtube.com\/channel\/UCaOTv7IUY6KfodamHtKWZAg\"],\"description\":\"tourgreciaclassica.it \u00e8 un catalogo di viaggio della ViaggiOggi Su Misura. \u201cSiamo un Tour Operator greco che per caso vive in Italia\u201d questo \u00e8 quello che diciamo sul nostro conto quando ci presentiamo perch\u00e9, di fatto, sin da quando abbiamo iniziato a muovere i primi passi in Grecia, ben 28 anni fa \u2013era il 1992\u2013 ci siamo sentiti parte di quel mare, di quelle isole, di quella gente. In questo catalogo di viaggio vengono presentati i prodotti di punta della ViaggiOggi: tour, mini tour, crociere, escursioni e hotel esclusivi in Grecia. ViaggiOggi nasce in Grecia e nel tempo aggiunge altre linee di prodotto quali Spagna, Portogallo e Nord Europa per crescere e per incontrare la richiesta di pi\u00f9 clienti.\",\"email\":\"info@tourgreciaclassica.it\",\"telephone\":\"+39 06 489 03 604\"}]}<\/script>\n<!-- \/ Yoast SEO Premium plugin. -->","yoast_head_json":{"title":"Vacanza a Creta, volo + hotel a Creta | viaggio organizzato","description":"Vacanza a Creta, alla scoperta della civilt\u00e0 minoica, tra natura, spiagge e paesaggi incontaminati, scopri i nostri tour o i nostri pacchetti volo + hotel a Creta","robots":{"index":"index","follow":"follow","max-snippet":"max-snippet:-1","max-image-preview":"max-image-preview:large","max-video-preview":"max-video-preview:-1"},"canonical":"https:\/\/www.tourgreciaclassica.it\/2025\/vacanze-grecia\/vacanze-a-creta\/","og_locale":"it_IT","og_type":"article","og_title":"Vacanze a Creta","og_description":"Vacanza a Creta, alla scoperta della civilt\u00e0 minoica, tra natura, spiagge e paesaggi incontaminati, scopri i nostri tour o i nostri pacchetti volo + hotel a Creta","og_url":"https:\/\/www.tourgreciaclassica.it\/2025\/vacanze-grecia\/vacanze-a-creta\/","og_site_name":"Tour Grecia Classica","article_publisher":"https:\/\/www.facebook.com\/TourGreciaclassica.it","article_modified_time":"2025-02-18T16:59:37+00:00","og_image":[{"width":1200,"height":802,"url":"http:\/\/www.tourgreciaclassica.it\/2025\/wp-content\/uploads\/2024\/10\/creta-chania-lungomare-2.jpg","type":"image\/jpeg"}],"twitter_card":"summary_large_image","twitter_misc":{"Tempo di lettura stimato":"13 minuti"},"schema":{"@context":"https:\/\/schema.org","@graph":[{"@type":"WebPage","@id":"https:\/\/www.tourgreciaclassica.it\/2025\/vacanze-grecia\/vacanze-a-creta\/","url":"https:\/\/www.tourgreciaclassica.it\/2025\/vacanze-grecia\/vacanze-a-creta\/","name":"Vacanza a Creta, volo + hotel a Creta | viaggio organizzato","isPartOf":{"@id":"https:\/\/www.tourgreciaclassica.it\/2025\/#website"},"primaryImageOfPage":{"@id":"https:\/\/www.tourgreciaclassica.it\/2025\/vacanze-grecia\/vacanze-a-creta\/#primaryimage"},"image":{"@id":"https:\/\/www.tourgreciaclassica.it\/2025\/vacanze-grecia\/vacanze-a-creta\/#primaryimage"},"thumbnailUrl":"https:\/\/www.tourgreciaclassica.it\/2025\/wp-content\/uploads\/2024\/10\/creta-chania-lungomare-2.jpg","datePublished":"2022-03-24T11:15:21+00:00","dateModified":"2025-02-18T16:59:37+00:00","description":"Vacanza a Creta, alla scoperta della civilt\u00e0 minoica, tra natura, spiagge e paesaggi incontaminati, scopri i nostri tour o i nostri pacchetti volo + hotel a Creta","breadcrumb":{"@id":"https:\/\/www.tourgreciaclassica.it\/2025\/vacanze-grecia\/vacanze-a-creta\/#breadcrumb"},"inLanguage":"it-IT","potentialAction":[{"@type":"ReadAction","target":["https:\/\/www.tourgreciaclassica.it\/2025\/vacanze-grecia\/vacanze-a-creta\/"]}]},{"@type":"ImageObject","inLanguage":"it-IT","@id":"https:\/\/www.tourgreciaclassica.it\/2025\/vacanze-grecia\/vacanze-a-creta\/#primaryimage","url":"https:\/\/www.tourgreciaclassica.it\/2025\/wp-content\/uploads\/2024\/10\/creta-chania-lungomare-2.jpg","contentUrl":"https:\/\/www.tourgreciaclassica.it\/2025\/wp-content\/uploads\/2024\/10\/creta-chania-lungomare-2.jpg","width":1200,"height":802},{"@type":"BreadcrumbList","@id":"https:\/\/www.tourgreciaclassica.it\/2025\/vacanze-grecia\/vacanze-a-creta\/#breadcrumb","itemListElement":[{"@type":"ListItem","position":1,"name":"Home","item":"https:\/\/www.tourgreciaclassica.it\/2025\/"},{"@type":"ListItem","position":2,"name":"Pacchetti vacanze Grecia 2025","item":"https:\/\/www.tourgreciaclassica.it\/2025\/vacanze-grecia\/"},{"@type":"ListItem","position":3,"name":"Vacanze a Creta"}]},{"@type":"WebSite","@id":"https:\/\/www.tourgreciaclassica.it\/2025\/#website","url":"https:\/\/www.tourgreciaclassica.it\/2025\/","name":"Tour Grecia Classica","description":"","publisher":{"@id":"https:\/\/www.tourgreciaclassica.it\/2025\/#organization"},"potentialAction":[{"@type":"SearchAction","target":{"@type":"EntryPoint","urlTemplate":"https:\/\/www.tourgreciaclassica.it\/2025\/?s={search_term_string}"},"query-input":{"@type":"PropertyValueSpecification","valueRequired":true,"valueName":"search_term_string"}}],"inLanguage":"it-IT"},{"@type":"Organization","@id":"https:\/\/www.tourgreciaclassica.it\/2025\/#organization","name":"tourgreciaclassica","alternateName":"TGC","url":"https:\/\/www.tourgreciaclassica.it\/2025\/","logo":{"@type":"ImageObject","inLanguage":"it-IT","@id":"https:\/\/www.tourgreciaclassica.it\/2025\/#\/schema\/logo\/image\/","url":"http:\/\/www.tourgreciaclassica.it\/2025\/wp-content\/uploads\/2025\/03\/logo-TGC-4-quadrato.jpg","contentUrl":"http:\/\/www.tourgreciaclassica.it\/2025\/wp-content\/uploads\/2025\/03\/logo-TGC-4-quadrato.jpg","width":343,"height":343,"caption":"tourgreciaclassica"},"image":{"@id":"https:\/\/www.tourgreciaclassica.it\/2025\/#\/schema\/logo\/image\/"},"sameAs":["https:\/\/www.facebook.com\/TourGreciaclassica.it","https:\/\/www.instagram.com\/tourgreciaclassica\/","https:\/\/www.youtube.com\/channel\/UCaOTv7IUY6KfodamHtKWZAg"],"description":"tourgreciaclassica.it \u00e8 un catalogo di viaggio della ViaggiOggi Su Misura. \u201cSiamo un Tour Operator greco che per caso vive in Italia\u201d questo \u00e8 quello che diciamo sul nostro conto quando ci presentiamo perch\u00e9, di fatto, sin da quando abbiamo iniziato a muovere i primi passi in Grecia, ben 28 anni fa \u2013era il 1992\u2013 ci siamo sentiti parte di quel mare, di quelle isole, di quella gente. In questo catalogo di viaggio vengono presentati i prodotti di punta della ViaggiOggi: tour, mini tour, crociere, escursioni e hotel esclusivi in Grecia. ViaggiOggi nasce in Grecia e nel tempo aggiunge altre linee di prodotto quali Spagna, Portogallo e Nord Europa per crescere e per incontrare la richiesta di pi\u00f9 clienti.","email":"info@tourgreciaclassica.it","telephone":"+39 06 489 03 604"}]}},"_links":{"self":[{"href":"https:\/\/www.tourgreciaclassica.it\/2025\/wp-json\/wp\/v2\/pages\/15965","targetHints":{"allow":["GET"]}}],"collection":[{"href":"https:\/\/www.tourgreciaclassica.it\/2025\/wp-json\/wp\/v2\/pages"}],"about":[{"href":"https:\/\/www.tourgreciaclassica.it\/2025\/wp-json\/wp\/v2\/types\/page"}],"author":[{"embeddable":true,"href":"https:\/\/www.tourgreciaclassica.it\/2025\/wp-json\/wp\/v2\/users\/1"}],"replies":[{"embeddable":true,"href":"https:\/\/www.tourgreciaclassica.it\/2025\/wp-json\/wp\/v2\/comments?post=15965"}],"version-history":[{"count":10,"href":"https:\/\/www.tourgreciaclassica.it\/2025\/wp-json\/wp\/v2\/pages\/15965\/revisions"}],"predecessor-version":[{"id":30423,"href":"https:\/\/www.tourgreciaclassica.it\/2025\/wp-json\/wp\/v2\/pages\/15965\/revisions\/30423"}],"up":[{"embeddable":true,"href":"https:\/\/www.tourgreciaclassica.it\/2025\/wp-json\/wp\/v2\/pages\/16462"}],"wp:featuredmedia":[{"embeddable":true,"href":"https:\/\/www.tourgreciaclassica.it\/2025\/wp-json\/wp\/v2\/media\/27278"}],"wp:attachment":[{"href":"https:\/\/www.tourgreciaclassica.it\/2025\/wp-json\/wp\/v2\/media?parent=15965"}],"curies":[{"name":"wp","href":"https:\/\/api.w.org\/{rel}","templated":true}]}}